{"id":451,"date":"2023-02-08T11:24:37","date_gmt":"2023-02-08T10:24:37","guid":{"rendered":"https:\/\/www.irinacoyssi.com\/?page_id=451"},"modified":"2025-10-15T20:36:37","modified_gmt":"2025-10-15T18:36:37","slug":"qui-suis-je","status":"publish","type":"page","link":"https:\/\/www.irinacoyssi.com\/en\/qui-suis-je\/","title":{"rendered":"Who am I?"},"content":{"rendered":"<p>[et_pb_section fb_built=\u00a0\u00bb1&Prime; admin_label=\u00a0\u00bbHeader\u00a0\u00bb _builder_version=\u00a0\u00bb4.20.4&Prime; _module_preset=\u00a0\u00bbdefault\u00a0\u00bb background_color=\u00a0\u00bb#0A152E\u00a0\u00bb use_background_color_gradient=\u00a0\u00bbon\u00a0\u00bb background_color_gradient_stops=\u00a0\u00bbrgba(10, 21, 46, 0.46) 19%|rgba(10,21,46,0.43) 40%|#0a152e 100%\u00a0\u00bb background_color_gradient_overlays_image=\u00a0\u00bbon\u00a0\u00bb background_image=\u00a0\u00bbhttps:\/\/www.irinacoyssi.com\/wp-content\/uploads\/2023\/04\/Site-brouillon.png\u00a0\u00bb parallax=\u00a0\u00bbon\u00a0\u00bb custom_padding=\u00a0\u00bb6vw||44px||false|false\u00a0\u00bb da_disable_devices=\u00a0\u00bboff|off|off\u00a0\u00bb collapsed=\u00a0\u00bbon\u00a0\u00bb global_colors_info=\u00a0\u00bb{}\u00a0\u00bb da_is_popup=\u00a0\u00bboff\u00a0\u00bb da_exit_intent=\u00a0\u00bboff\u00a0\u00bb da_has_close=\u00a0\u00bbon\u00a0\u00bb da_alt_close=\u00a0\u00bboff\u00a0\u00bb da_dark_close=\u00a0\u00bboff\u00a0\u00bb da_not_modal=\u00a0\u00bbon\u00a0\u00bb da_is_singular=\u00a0\u00bboff\u00a0\u00bb da_with_loader=\u00a0\u00bboff\u00a0\u00bb da_has_shadow=\u00a0\u00bbon\u00a0\u00bb][et_pb_row _builder_version=\u00a0\u00bb4.20.4&Prime; _module_preset=\u00a0\u00bbdefault\u00a0\u00bb custom_margin_tablet=\u00a0\u00bb50px||||false|false\u00a0\u00bb custom_margin_phone=\u00a0\u00bb70px||||false|false\u00a0\u00bb custom_margin_last_edited=\u00a0\u00bbon|phone\u00a0\u00bb custom_padding=\u00a0\u00bb0px||0px||true|false\u00a0\u00bb global_colors_info=\u00a0\u00bb{}\u00a0\u00bb][et_pb_column type=\u00a0\u00bb4_4&Prime; _builder_version=\u00a0\u00bb4.19.5&Prime; _module_preset=\u00a0\u00bbdefault\u00a0\u00bb global_colors_info=\u00a0\u00bb{}\u00a0\u00bb][et_pb_text _builder_version=\u00a0\u00bb4.19.2&Prime; _module_preset=\u00a0\u00bbdefault\u00a0\u00bb header_text_color=\u00a0\u00bb#D3A863&Prime; header_font_size=\u00a0\u00bb70px\u00a0\u00bb custom_margin=\u00a0\u00bb||60px|||\u00a0\u00bb animation_style=\u00a0\u00bbfade\u00a0\u00bb inline_fonts=\u00a0\u00bbMegrim\u00a0\u00bb global_colors_info=\u00a0\u00bb{}\u00a0\u00bb]<\/p>\n<h1 style=\"text-align: center;\"><strong><span style=\"font-family: Megrim;\">Qui suis-je ?<\/span><\/strong><\/h1>\n<p>[\/et_pb_text][et_pb_text _builder_version=\u00a0\u00bb4.27.4&Prime; _module_preset=\u00a0\u00bb1f09816e-184e-4ce5-a4cf-b39c52c423ca\u00a0\u00bb text_font=\u00a0\u00bbOpen Sans||||||||\u00a0\u00bb text_text_color=\u00a0\u00bb#FFF5EE\u00a0\u00bb text_font_size=\u00a0\u00bb16px\u00a0\u00bb text_line_height=\u00a0\u00bb1.8em\u00a0\u00bb text_orientation=\u00a0\u00bbcenter\u00a0\u00bb width=\u00a0\u00bb100%\u00a0\u00bb custom_margin=\u00a0\u00bb||||true|false\u00a0\u00bb custom_padding=\u00a0\u00bb1px||1px||true|false\u00a0\u00bb animation_style=\u00a0\u00bbfade\u00a0\u00bb animation_delay=\u00a0\u00bb50ms\u00a0\u00bb text_font_size_tablet=\u00a0\u00bb15px\u00a0\u00bb text_font_size_phone=\u00a0\u00bb14px\u00a0\u00bb text_font_size_last_edited=\u00a0\u00bbon|phone\u00a0\u00bb header_font_size_tablet=\u00a0\u00bb55px\u00a0\u00bb header_font_size_last_edited=\u00a0\u00bboff|desktop\u00a0\u00bb border_color_all=\u00a0\u00bb#D3A863&Prime; global_colors_info=\u00a0\u00bb{}\u00a0\u00bb]<\/p>\n<h3><span style=\"font-weight: 400;\">Je suis Irina Coyssi,<\/span><span style=\"font-weight: 400;\"> accompagnante holistique et formatrice en Reiki Usui &amp; Arc-en-ciel<span>\u00ae<\/span>.<\/span><\/h3>\n<p>[\/et_pb_text][\/et_pb_column][\/et_pb_row][\/et_pb_section][et_pb_section fb_built=\u00a0\u00bb1&Prime; _builder_version=\u00a0\u00bb4.19.5&Prime; _module_preset=\u00a0\u00bbdefault\u00a0\u00bb background_color=\u00a0\u00bb#0A152E\u00a0\u00bb background_enable_image=\u00a0\u00bboff\u00a0\u00bb custom_padding=\u00a0\u00bb0px||3px||false|false\u00a0\u00bb da_disable_devices=\u00a0\u00bboff|off|off\u00a0\u00bb global_colors_info=\u00a0\u00bb{}\u00a0\u00bb da_is_popup=\u00a0\u00bboff\u00a0\u00bb da_exit_intent=\u00a0\u00bboff\u00a0\u00bb da_has_close=\u00a0\u00bbon\u00a0\u00bb da_alt_close=\u00a0\u00bboff\u00a0\u00bb da_dark_close=\u00a0\u00bboff\u00a0\u00bb da_not_modal=\u00a0\u00bbon\u00a0\u00bb da_is_singular=\u00a0\u00bboff\u00a0\u00bb da_with_loader=\u00a0\u00bboff\u00a0\u00bb da_has_shadow=\u00a0\u00bbon\u00a0\u00bb][et_pb_row column_structure=\u00a0\u00bb2_5,3_5&Prime; use_custom_gutter=\u00a0\u00bbon\u00a0\u00bb gutter_width=\u00a0\u00bb2&Prime; make_equal=\u00a0\u00bbon\u00a0\u00bb _builder_version=\u00a0\u00bb4.20.4&Prime; _module_preset=\u00a0\u00bbdefault\u00a0\u00bb width=\u00a0\u00bb100%\u00a0\u00bb max_width=\u00a0\u00bb1150px\u00a0\u00bb module_alignment=\u00a0\u00bbcenter\u00a0\u00bb custom_padding=\u00a0\u00bb0px||0px||false|false\u00a0\u00bb global_colors_info=\u00a0\u00bb{}\u00a0\u00bb][et_pb_column type=\u00a0\u00bb2_5&Prime; _builder_version=\u00a0\u00bb4.19.5&Prime; _module_preset=\u00a0\u00bbdefault\u00a0\u00bb global_colors_info=\u00a0\u00bb{}\u00a0\u00bb][et_pb_image src=\u00a0\u00bbhttps:\/\/www.irinacoyssi.com\/wp-content\/uploads\/2024\/02\/DSCF0952-scaled.jpg\u00a0\u00bb title_text=\u00a0\u00bbDSCF0952&Prime; align=\u00a0\u00bbcenter\u00a0\u00bb align_tablet=\u00a0\u00bbcenter\u00a0\u00bb align_phone=\u00a0\u00bbcenter\u00a0\u00bb align_last_edited=\u00a0\u00bbon|desktop\u00a0\u00bb _builder_version=\u00a0\u00bb4.21.2&Prime; _module_preset=\u00a0\u00bbdefault\u00a0\u00bb width=\u00a0\u00bb90%\u00a0\u00bb max_height=\u00a0\u00bb600px\u00a0\u00bb max_height_tablet=\u00a0\u00bb506px\u00a0\u00bb max_height_phone=\u00a0\u00bb615px\u00a0\u00bb max_height_last_edited=\u00a0\u00bbon|phone\u00a0\u00bb custom_margin=\u00a0\u00bb|25px||||\u00a0\u00bb custom_margin_tablet=\u00a0\u00bb|25px||||\u00a0\u00bb custom_margin_phone=\u00a0\u00bb|20px||20px|false|true\u00a0\u00bb custom_margin_last_edited=\u00a0\u00bbon|phone\u00a0\u00bb animation_style=\u00a0\u00bbfade\u00a0\u00bb animation_delay=\u00a0\u00bb100ms\u00a0\u00bb border_radii=\u00a0\u00bbon|15px|15px|15px|15px\u00a0\u00bb global_colors_info=\u00a0\u00bb{}\u00a0\u00bb][\/et_pb_image][\/et_pb_column][et_pb_column type=\u00a0\u00bb3_5&Prime; _builder_version=\u00a0\u00bb4.20.4&Prime; _module_preset=\u00a0\u00bbdefault\u00a0\u00bb custom_padding=\u00a0\u00bb40px|40px|40px|40px|true|true\u00a0\u00bb custom_padding_tablet=\u00a0\u00bb|30px|30px|30px|false|true\u00a0\u00bb custom_padding_phone=\u00a0\u00bb|20px||20px|false|true\u00a0\u00bb custom_padding_last_edited=\u00a0\u00bbon|phone\u00a0\u00bb border_radii=\u00a0\u00bbon|NaNpx|NaNpx|NaNpx|NaNpx\u00a0\u00bb border_color_right=\u00a0\u00bb#D3A863&Prime; border_color_bottom=\u00a0\u00bb#D3A863&Prime; global_colors_info=\u00a0\u00bb{}\u00a0\u00bb][et_pb_image src=\u00a0\u00bbhttps:\/\/www.irinacoyssi.com\/wp-content\/uploads\/2023\/04\/Icone-solaire.png\u00a0\u00bb title_text=\u00a0\u00bbIcone solaire\u00a0\u00bb align=\u00a0\u00bbcenter\u00a0\u00bb _builder_version=\u00a0\u00bb4.20.4&Prime; _module_preset=\u00a0\u00bbdefault\u00a0\u00bb width=\u00a0\u00bb24%\u00a0\u00bb width_tablet=\u00a0\u00bb20%\u00a0\u00bb width_phone=\u00a0\u00bb35%\u00a0\u00bb width_last_edited=\u00a0\u00bbon|tablet\u00a0\u00bb custom_margin=\u00a0\u00bb-25px||||false|false\u00a0\u00bb custom_margin_tablet=\u00a0\u00bb0px||||false|false\u00a0\u00bb custom_margin_phone=\u00a0\u00bb-30px||||false|false\u00a0\u00bb custom_margin_last_edited=\u00a0\u00bbon|phone\u00a0\u00bb animation_style=\u00a0\u00bbfade\u00a0\u00bb animation_delay=\u00a0\u00bb150ms\u00a0\u00bb global_colors_info=\u00a0\u00bb{}\u00a0\u00bb][\/et_pb_image][et_pb_text _builder_version=\u00a0\u00bb4.27.4&Prime; _module_preset=\u00a0\u00bb1f09816e-184e-4ce5-a4cf-b39c52c423ca\u00a0\u00bb text_font=\u00a0\u00bbOpen Sans||||||||\u00a0\u00bb text_text_color=\u00a0\u00bb#FFF5EE\u00a0\u00bb text_font_size=\u00a0\u00bb16px\u00a0\u00bb text_line_height=\u00a0\u00bb1.8em\u00a0\u00bb text_orientation=\u00a0\u00bbcenter\u00a0\u00bb width=\u00a0\u00bb100%\u00a0\u00bb custom_margin=\u00a0\u00bb||||true|false\u00a0\u00bb custom_padding=\u00a0\u00bb3px||3px||true|false\u00a0\u00bb animation_style=\u00a0\u00bbfade\u00a0\u00bb animation_delay=\u00a0\u00bb400ms\u00a0\u00bb text_font_size_tablet=\u00a0\u00bb15px\u00a0\u00bb text_font_size_phone=\u00a0\u00bb14px\u00a0\u00bb text_font_size_last_edited=\u00a0\u00bbon|phone\u00a0\u00bb header_font_size_tablet=\u00a0\u00bb55px\u00a0\u00bb header_font_size_last_edited=\u00a0\u00bboff|desktop\u00a0\u00bb border_color_all=\u00a0\u00bb#D3A863&Prime; global_colors_info=\u00a0\u00bb{}\u00a0\u00bb]<\/p>\n<p><span style=\"font-weight: 400;\">Fille du <span style=\"color: #d3a863;\"><strong>Soleil<\/strong><\/span>, <\/span><span style=\"color: #d3a863;\"><b>au service du vivant <\/b><\/span><span style=\"font-weight: 400;\">et des \u00eatres qui m\u2019entourent.<\/span><\/p>\n<p>[\/et_pb_text][et_pb_text _builder_version=\u00a0\u00bb4.20.4&Prime; _module_preset=\u00a0\u00bb1f09816e-184e-4ce5-a4cf-b39c52c423ca\u00a0\u00bb text_font=\u00a0\u00bbOpen Sans||||||||\u00a0\u00bb text_text_color=\u00a0\u00bb#FFF5EE\u00a0\u00bb text_font_size=\u00a0\u00bb16px\u00a0\u00bb text_line_height=\u00a0\u00bb1.8em\u00a0\u00bb text_orientation=\u00a0\u00bbcenter\u00a0\u00bb width=\u00a0\u00bb100%\u00a0\u00bb custom_margin=\u00a0\u00bb||||true|false\u00a0\u00bb custom_padding=\u00a0\u00bb3px||3px||true|false\u00a0\u00bb animation_style=\u00a0\u00bbfade\u00a0\u00bb animation_delay=\u00a0\u00bb550ms\u00a0\u00bb text_font_size_tablet=\u00a0\u00bb15px\u00a0\u00bb text_font_size_phone=\u00a0\u00bb14px\u00a0\u00bb text_font_size_last_edited=\u00a0\u00bbon|phone\u00a0\u00bb header_font_size_tablet=\u00a0\u00bb55px\u00a0\u00bb header_font_size_last_edited=\u00a0\u00bboff|desktop\u00a0\u00bb border_color_all=\u00a0\u00bb#D3A863&Prime; global_colors_info=\u00a0\u00bb{}\u00a0\u00bb]<\/p>\n<p><span style=\"color: #d3a863;\"><b>Intuitive, sensible <\/b><span style=\"color: #ffffff;\">et<\/span> <b>empathique<\/b><\/span><span style=\"font-weight: 400;\">, je capte depuis l\u2019enfance des informations qui \u00e9chappent \u00e0 la plupart. Ces pr\u00e9dispositions sont devenues ma <span style=\"color: #d3a863;\"><strong>force<\/strong><\/span>.<\/span><\/p>\n<p>[\/et_pb_text][et_pb_text _builder_version=\u00a0\u00bb4.21.2&Prime; _module_preset=\u00a0\u00bb1f09816e-184e-4ce5-a4cf-b39c52c423ca\u00a0\u00bb text_font=\u00a0\u00bbOpen Sans||||||||\u00a0\u00bb text_text_color=\u00a0\u00bb#FFF5EE\u00a0\u00bb text_font_size=\u00a0\u00bb16px\u00a0\u00bb text_line_height=\u00a0\u00bb1.8em\u00a0\u00bb text_orientation=\u00a0\u00bbcenter\u00a0\u00bb width=\u00a0\u00bb100%\u00a0\u00bb custom_margin=\u00a0\u00bb||||true|false\u00a0\u00bb custom_padding=\u00a0\u00bb3px||3px||true|false\u00a0\u00bb animation_style=\u00a0\u00bbfade\u00a0\u00bb animation_delay=\u00a0\u00bb700ms\u00a0\u00bb text_font_size_tablet=\u00a0\u00bb15px\u00a0\u00bb text_font_size_phone=\u00a0\u00bb14px\u00a0\u00bb text_font_size_last_edited=\u00a0\u00bbon|phone\u00a0\u00bb header_font_size_tablet=\u00a0\u00bb55px\u00a0\u00bb header_font_size_last_edited=\u00a0\u00bboff|desktop\u00a0\u00bb border_color_all=\u00a0\u00bb#D3A863&Prime; global_colors_info=\u00a0\u00bb{}\u00a0\u00bb]<\/p>\n<p><span style=\"color: #d3a863;\"><b>T\u00e9m\u00e9raire <\/b><span style=\"color: #ffffff;\">et<\/span><b> r\u00e9siliente<\/b><\/span><span style=\"font-weight: 400;\">, j\u2019aime faire face aux multiples d\u00e9fis de la vie. Je tire mes plus beaux <span style=\"color: #d3a863;\"><strong>enseignements<\/strong><\/span> des exp\u00e9riences les plus difficiles.<\/span><\/p>\n<p>[\/et_pb_text][\/et_pb_column][\/et_pb_row][\/et_pb_section][et_pb_section fb_built=\u00a0\u00bb1&Prime; admin_label=\u00a0\u00bbAbout\u00a0\u00bb _builder_version=\u00a0\u00bb4.20.4&Prime; background_color=\u00a0\u00bb#FFF5EE\u00a0\u00bb background_enable_image=\u00a0\u00bboff\u00a0\u00bb parallax=\u00a0\u00bbon\u00a0\u00bb custom_margin=\u00a0\u00bb-90px||||false|false\u00a0\u00bb custom_margin_tablet=\u00a0\u00bb0px||||false|false\u00a0\u00bb custom_margin_phone=\u00a0\u00bb0px||||false|false\u00a0\u00bb custom_margin_last_edited=\u00a0\u00bbon|phone\u00a0\u00bb custom_padding=\u00a0\u00bb9.8%||4.2%||false|false\u00a0\u00bb animation_direction=\u00a0\u00bbbottom\u00a0\u00bb da_disable_devices=\u00a0\u00bboff|off|off\u00a0\u00bb global_colors_info=\u00a0\u00bb{}\u00a0\u00bb da_is_popup=\u00a0\u00bboff\u00a0\u00bb da_exit_intent=\u00a0\u00bboff\u00a0\u00bb da_has_close=\u00a0\u00bbon\u00a0\u00bb da_alt_close=\u00a0\u00bboff\u00a0\u00bb da_dark_close=\u00a0\u00bboff\u00a0\u00bb da_not_modal=\u00a0\u00bbon\u00a0\u00bb da_is_singular=\u00a0\u00bboff\u00a0\u00bb da_with_loader=\u00a0\u00bboff\u00a0\u00bb da_has_shadow=\u00a0\u00bbon\u00a0\u00bb][et_pb_row column_structure=\u00a0\u00bb3_5,2_5&Prime; use_custom_gutter=\u00a0\u00bbon\u00a0\u00bb gutter_width=\u00a0\u00bb2&Prime; make_equal=\u00a0\u00bbon\u00a0\u00bb _builder_version=\u00a0\u00bb4.20.0&Prime; _module_preset=\u00a0\u00bbdefault\u00a0\u00bb max_width=\u00a0\u00bb1300px\u00a0\u00bb custom_margin=\u00a0\u00bb-13px|auto||auto||\u00a0\u00bb custom_padding=\u00a0\u00bb7px|||||\u00a0\u00bb global_colors_info=\u00a0\u00bb{}\u00a0\u00bb][et_pb_column type=\u00a0\u00bb3_5&Prime; _builder_version=\u00a0\u00bb4.19.5&Prime; _module_preset=\u00a0\u00bbdefault\u00a0\u00bb global_colors_info=\u00a0\u00bb{}\u00a0\u00bb][et_pb_text _builder_version=\u00a0\u00bb4.20.4&Prime; text_font=\u00a0\u00bbForum||||||||\u00a0\u00bb text_font_size=\u00a0\u00bb16px\u00a0\u00bb text_line_height=\u00a0\u00bb1.8em\u00a0\u00bb header_3_font=\u00a0\u00bb||||||||\u00a0\u00bb header_3_font_size=\u00a0\u00bb34px\u00a0\u00bb custom_margin=\u00a0\u00bb5px||2px||false|true\u00a0\u00bb custom_margin_tablet=\u00a0\u00bb|5%||5%|false|true\u00a0\u00bb custom_margin_phone=\u00a0\u00bb|5%||5%|false|true\u00a0\u00bb custom_margin_last_edited=\u00a0\u00bbon|desktop\u00a0\u00bb custom_padding=\u00a0\u00bb0px|||||\u00a0\u00bb animation_style=\u00a0\u00bbfade\u00a0\u00bb animation_delay=\u00a0\u00bb300ms\u00a0\u00bb locked=\u00a0\u00bboff\u00a0\u00bb inline_fonts=\u00a0\u00bbMontserrat,Forum\u00a0\u00bb global_colors_info=\u00a0\u00bb{}\u00a0\u00bb]<\/p>\n<h3>De physicienne \u00e0 \u00e9nerg\u00e9ticienne&#8230;<\/h3>\n<p>[\/et_pb_text][et_pb_text _builder_version=\u00a0\u00bb4.27.4&Prime; _module_preset=\u00a0\u00bbdefault\u00a0\u00bb text_font=\u00a0\u00bb||||||||\u00a0\u00bb text_font_size=\u00a0\u00bb16px\u00a0\u00bb max_width=\u00a0\u00bb600px\u00a0\u00bb min_height=\u00a0\u00bb170px\u00a0\u00bb custom_margin=\u00a0\u00bb||24px||false|false\u00a0\u00bb custom_margin_tablet=\u00a0\u00bb|5%||5%|false|true\u00a0\u00bb custom_margin_phone=\u00a0\u00bb|5%||5%|false|true\u00a0\u00bb custom_margin_last_edited=\u00a0\u00bbon|desktop\u00a0\u00bb custom_padding=\u00a0\u00bb||||false|false\u00a0\u00bb animation_style=\u00a0\u00bbfade\u00a0\u00bb animation_delay=\u00a0\u00bb500ms\u00a0\u00bb global_colors_info=\u00a0\u00bb{}\u00a0\u00bb]<\/p>\n<p>De<strong> formation scientifique<\/strong> (<strong>Master en Physique<\/strong>), c\u2019est apr\u00e8s un parcours de <strong>maladie chronique<\/strong> (<strong>endom\u00e9triose<\/strong>) que je me tourne vers les m\u00e9decines compl\u00e9mentaires et holistiques.<\/p>\n<p>J\u2019explore nombre de pratiques pour trouver mon propre <strong>chemin de gu\u00e9rison<\/strong>. C\u2019est une r\u00e9v\u00e9lation, je r\u00e9ponds \u00e0 <strong>l\u2019appel<\/strong> de devenir accompagnante.<\/p>\n<p>D\u2019abord form\u00e9e \u00e0 l\u2019EFT, mes cheminements m\u2019am\u00e8nent au <strong>Reiki (Usui et Rainbow)<\/strong> que j\u2019\u00e9tudie en continu depuis plus de 5 ans et \u00e0 une exploration accrue des <strong>pratiques chamaniques<\/strong>.<\/p>\n<p>En qu\u00eate constante d\u2019approfondissement, j\u2019ai \u00e0 c\u0153ur de me former en continu.<\/p>\n<p>[\/et_pb_text][et_pb_text _builder_version=\u00a0\u00bb4.20.4&Prime; text_font=\u00a0\u00bbForum||||||||\u00a0\u00bb text_font_size=\u00a0\u00bb16px\u00a0\u00bb text_line_height=\u00a0\u00bb1.8em\u00a0\u00bb header_3_font=\u00a0\u00bb||||||||\u00a0\u00bb header_3_font_size=\u00a0\u00bb34px\u00a0\u00bb custom_margin=\u00a0\u00bb5px||2px||false|true\u00a0\u00bb custom_margin_tablet=\u00a0\u00bb|5%||5%|false|true\u00a0\u00bb custom_margin_phone=\u00a0\u00bb|5%||5%|false|true\u00a0\u00bb custom_margin_last_edited=\u00a0\u00bbon|desktop\u00a0\u00bb custom_padding=\u00a0\u00bb0px|||||\u00a0\u00bb animation_style=\u00a0\u00bbfade\u00a0\u00bb animation_delay=\u00a0\u00bb700ms\u00a0\u00bb locked=\u00a0\u00bboff\u00a0\u00bb inline_fonts=\u00a0\u00bbMontserrat,Forum\u00a0\u00bb global_colors_info=\u00a0\u00bb{}\u00a0\u00bb]<\/p>\n<h3>Background multiculturel<\/h3>\n<p>[\/et_pb_text][et_pb_text _builder_version=\u00a0\u00bb4.27.4&Prime; _module_preset=\u00a0\u00bbdefault\u00a0\u00bb text_font=\u00a0\u00bb||||||||\u00a0\u00bb text_font_size=\u00a0\u00bb16px\u00a0\u00bb max_width=\u00a0\u00bb600px\u00a0\u00bb min_height=\u00a0\u00bb170px\u00a0\u00bb custom_margin=\u00a0\u00bb||0px||false|false\u00a0\u00bb custom_margin_tablet=\u00a0\u00bb|5%||5%|false|true\u00a0\u00bb custom_margin_phone=\u00a0\u00bb|5%||5%|false|true\u00a0\u00bb custom_margin_last_edited=\u00a0\u00bbon|desktop\u00a0\u00bb custom_padding=\u00a0\u00bb||0px||false|false\u00a0\u00bb animation_style=\u00a0\u00bbfade\u00a0\u00bb animation_delay=\u00a0\u00bb500ms\u00a0\u00bb global_colors_info=\u00a0\u00bb{}\u00a0\u00bb]<\/p>\n<p>N\u00e9e d\u2019une <strong>m\u00e8re slave<\/strong> et d\u2019un <strong>p\u00e8re africain<\/strong>, j\u2019ai v\u00e9cu dans 3 pays diff\u00e9rents (France, Angleterre, Allemagne) et parle couramment <strong>fran\u00e7ais et anglais<\/strong>. Je comprends l\u2019espagnol et un peu d\u2019allemand.<\/p>\n<p>Mon h\u00e9ritage et mon v\u00e9cu ont contribu\u00e9 \u00e0 enrichir ma compr\u00e9hension globale et les enjeux de nos soci\u00e9t\u00e9s.<\/p>\n<p>[\/et_pb_text][\/et_pb_column][et_pb_column type=\u00a0\u00bb2_5&Prime; _builder_version=\u00a0\u00bb4.19.5&Prime; _module_preset=\u00a0\u00bbdefault\u00a0\u00bb global_colors_info=\u00a0\u00bb{}\u00a0\u00bb][et_pb_image src=\u00a0\u00bbhttps:\/\/www.irinacoyssi.com\/wp-content\/uploads\/2023\/11\/Irina-HD-15-scaled.jpg\u00a0\u00bb title_text=\u00a0\u00bbIrina\u00a0\u00bb align=\u00a0\u00bbcenter\u00a0\u00bb align_tablet=\u00a0\u00bbcenter\u00a0\u00bb align_phone=\u00a0\u00bb\u00a0\u00bb align_last_edited=\u00a0\u00bbon|desktop\u00a0\u00bb _builder_version=\u00a0\u00bb4.21.2&Prime; _module_preset=\u00a0\u00bbdefault\u00a0\u00bb max_width=\u00a0\u00bb70%\u00a0\u00bb max_height=\u00a0\u00bb600px\u00a0\u00bb max_height_tablet=\u00a0\u00bb506px\u00a0\u00bb max_height_phone=\u00a0\u00bb615px\u00a0\u00bb max_height_last_edited=\u00a0\u00bbon|phone\u00a0\u00bb animation_style=\u00a0\u00bbfade\u00a0\u00bb animation_direction=\u00a0\u00bbleft\u00a0\u00bb animation_delay=\u00a0\u00bb350ms\u00a0\u00bb global_colors_info=\u00a0\u00bb{}\u00a0\u00bb][\/et_pb_image][\/et_pb_column][\/et_pb_row][et_pb_row _builder_version=\u00a0\u00bb4.27.4&Prime; _module_preset=\u00a0\u00bbdefault\u00a0\u00bb custom_margin=\u00a0\u00bb0px||0px||false|false\u00a0\u00bb custom_padding=\u00a0\u00bb0px||0px||false|false\u00a0\u00bb global_colors_info=\u00a0\u00bb{}\u00a0\u00bb][et_pb_column type=\u00a0\u00bb4_4&Prime; _builder_version=\u00a0\u00bb4.27.4&Prime; _module_preset=\u00a0\u00bbdefault\u00a0\u00bb global_colors_info=\u00a0\u00bb{}\u00a0\u00bb][et_pb_text _builder_version=\u00a0\u00bb4.27.4&Prime; _module_preset=\u00a0\u00bb1f09816e-184e-4ce5-a4cf-b39c52c423ca\u00a0\u00bb text_font=\u00a0\u00bbOpen Sans||||||||\u00a0\u00bb text_text_color=\u00a0\u00bb#FFF5EE\u00a0\u00bb text_font_size=\u00a0\u00bb21px\u00a0\u00bb text_line_height=\u00a0\u00bb1.4em\u00a0\u00bb text_orientation=\u00a0\u00bbcenter\u00a0\u00bb width=\u00a0\u00bb100%\u00a0\u00bb custom_margin=\u00a0\u00bb30px||22px||false|false\u00a0\u00bb custom_padding=\u00a0\u00bb3px||3px||true|false\u00a0\u00bb animation_style=\u00a0\u00bbfade\u00a0\u00bb animation_delay=\u00a0\u00bb800ms\u00a0\u00bb hover_enabled=\u00a0\u00bb0&Prime; text_font_size_tablet=\u00a0\u00bb15px\u00a0\u00bb text_font_size_phone=\u00a0\u00bb14px\u00a0\u00bb text_font_size_last_edited=\u00a0\u00bbon|phone\u00a0\u00bb header_font_size_tablet=\u00a0\u00bb55px\u00a0\u00bb header_font_size_last_edited=\u00a0\u00bboff|desktop\u00a0\u00bb border_color_all=\u00a0\u00bb#D3A863&Prime; global_colors_info=\u00a0\u00bb{}\u00a0\u00bb sticky_enabled=\u00a0\u00bb0&Prime;]<\/p>\n<p style=\"text-align: center;\"><em><span style=\"color: #d3a863;\"><b>Pour les adeptes de contenus audio,<br \/><\/b><\/span><\/em><em><span style=\"color: #d3a863;\"><b>d\u00e9couvrez mon parcours personnel de gu\u00e9rison dans vos oreilles<\/b><\/span><\/em><em><span style=\"color: #d3a863;\"><b>. <\/b><\/span><\/em><\/p>\n<p style=\"text-align: center;\"><em><span style=\"color: #d3a863;\">J&rsquo;ai \u00e9t\u00e9 invit\u00e9e par Clara, professeur de yoga et facilitatrice d&rsquo;immersions sonores, pour un \u00e9pisode de son podcast, pour \u00e9changer sur mon <strong>chemin de gu\u00e9rison<\/strong> avec<b> l&rsquo;endom\u00e9triose et la d\u00e9pression.<\/b><\/span><\/em><em><span style=\"color: #d3a863;\"><b><\/b><\/span><\/em><\/p>\n<p style=\"text-align: center;\"><span style=\"color: #d3a863;\">Disponible sur Youtube et Spotify en cliquant sur les ic\u00f4nes ci-dessous :<\/span><span style=\"color: #d3a863;\"><b><\/b><\/span><\/p>\n<p>[\/et_pb_text][et_pb_social_media_follow _builder_version=\u00a0\u00bb4.27.4&Prime; _module_preset=\u00a0\u00bbdefault\u00a0\u00bb text_orientation=\u00a0\u00bbcenter\u00a0\u00bb custom_margin=\u00a0\u00bb||0px||false|false\u00a0\u00bb custom_padding=\u00a0\u00bb7px||0px||false|false\u00a0\u00bb animation_style=\u00a0\u00bbfade\u00a0\u00bb animation_delay=\u00a0\u00bb900ms\u00a0\u00bb locked=\u00a0\u00bboff\u00a0\u00bb global_colors_info=\u00a0\u00bb{}\u00a0\u00bb][et_pb_social_media_follow_network social_network=\u00a0\u00bbyoutube\u00a0\u00bb url=\u00a0\u00bbhttps:\/\/www.youtube.com\/watch?v=0_Ry9X8UW0A\u00a0\u00bb icon_color=\u00a0\u00bb#FFF5EE\u00a0\u00bb use_icon_font_size=\u00a0\u00bbon\u00a0\u00bb icon_font_size=\u00a0\u00bb20px\u00a0\u00bb _builder_version=\u00a0\u00bb4.27.4&Prime; _module_preset=\u00a0\u00bbdefault\u00a0\u00bb background_color=\u00a0\u00bb#D3A863&Prime; background_enable_color=\u00a0\u00bbon\u00a0\u00bb border_radii=\u00a0\u00bbon|10px|10px|10px|10px\u00a0\u00bb global_colors_info=\u00a0\u00bb{}\u00a0\u00bb follow_button=\u00a0\u00bboff\u00a0\u00bb url_new_window=\u00a0\u00bbon\u00a0\u00bb]youtube[\/et_pb_social_media_follow_network][et_pb_social_media_follow_network social_network=\u00a0\u00bbspotify\u00a0\u00bb url=\u00a0\u00bbhttps:\/\/open.spotify.com\/episode\/0ZmysiPyl7IaW89aLnteNo\u00a0\u00bb use_icon_font_size=\u00a0\u00bbon\u00a0\u00bb icon_font_size=\u00a0\u00bb20px\u00a0\u00bb _builder_version=\u00a0\u00bb4.27.4&Prime; _module_preset=\u00a0\u00bbdefault\u00a0\u00bb background_color=\u00a0\u00bb#D3A863&Prime; background_enable_color=\u00a0\u00bbon\u00a0\u00bb border_radii=\u00a0\u00bbon|10px|10px|10px|10px\u00a0\u00bb global_colors_info=\u00a0\u00bb{}\u00a0\u00bb follow_button=\u00a0\u00bboff\u00a0\u00bb url_new_window=\u00a0\u00bbon\u00a0\u00bb]spotify[\/et_pb_social_media_follow_network][\/et_pb_social_media_follow][\/et_pb_column][\/et_pb_row][\/et_pb_section][et_pb_section fb_built=\u00a0\u00bb1&Prime; _builder_version=\u00a0\u00bb4.21.2&Prime; _module_preset=\u00a0\u00bbdefault\u00a0\u00bb background_color=\u00a0\u00bb#0A152E\u00a0\u00bb use_background_color_gradient=\u00a0\u00bbon\u00a0\u00bb background_color_gradient_stops=\u00a0\u00bbrgba(10, 21, 46, 0.78) 0%|rgba(10, 21, 46, 0.67) 29%|rgba(10,21,46,0.53) 57%|rgba(211,168,99,0.22) 92%\u00a0\u00bb background_color_gradient_overlays_image=\u00a0\u00bbon\u00a0\u00bb background_image=\u00a0\u00bbhttps:\/\/www.irinacoyssi.com\/wp-content\/uploads\/2023\/11\/Irina-HD-20-scaled.jpg\u00a0\u00bb parallax=\u00a0\u00bbon\u00a0\u00bb custom_padding=\u00a0\u00bb7%||7%||true|false\u00a0\u00bb da_disable_devices=\u00a0\u00bboff|off|off\u00a0\u00bb global_colors_info=\u00a0\u00bb{}\u00a0\u00bb da_is_popup=\u00a0\u00bboff\u00a0\u00bb da_exit_intent=\u00a0\u00bboff\u00a0\u00bb da_has_close=\u00a0\u00bbon\u00a0\u00bb da_alt_close=\u00a0\u00bboff\u00a0\u00bb da_dark_close=\u00a0\u00bboff\u00a0\u00bb da_not_modal=\u00a0\u00bbon\u00a0\u00bb da_is_singular=\u00a0\u00bboff\u00a0\u00bb da_with_loader=\u00a0\u00bboff\u00a0\u00bb da_has_shadow=\u00a0\u00bbon\u00a0\u00bb][et_pb_row column_structure=\u00a0\u00bb1_2,1_2&Prime; _builder_version=\u00a0\u00bb4.20.0&Prime; _module_preset=\u00a0\u00bbdefault\u00a0\u00bb global_colors_info=\u00a0\u00bb{}\u00a0\u00bb][et_pb_column type=\u00a0\u00bb1_2&Prime; _builder_version=\u00a0\u00bb4.20.0&Prime; _module_preset=\u00a0\u00bbdefault\u00a0\u00bb global_colors_info=\u00a0\u00bb{}\u00a0\u00bb][et_pb_text _builder_version=\u00a0\u00bb4.19.2&Prime; _module_preset=\u00a0\u00bbb327cbe4-b1d5-4b66-ad37-40c8f2f061ba\u00a0\u00bb text_font=\u00a0\u00bb||||||||\u00a0\u00bb text_font_size=\u00a0\u00bb16px\u00a0\u00bb text_line_height=\u00a0\u00bb1.8em\u00a0\u00bb custom_margin=\u00a0\u00bb-3px||-4px||false|true\u00a0\u00bb custom_margin_tablet=\u00a0\u00bb|5%||5%|false|true\u00a0\u00bb custom_margin_phone=\u00a0\u00bb|5%||5%|false|true\u00a0\u00bb custom_margin_last_edited=\u00a0\u00bbon|desktop\u00a0\u00bb custom_padding=\u00a0\u00bb0px||0px|||\u00a0\u00bb animation_style=\u00a0\u00bbfade\u00a0\u00bb animation_delay=\u00a0\u00bb250ms\u00a0\u00bb header_2_text_shadow_style=\u00a0\u00bbpreset2&Prime; header_2_text_shadow_horizontal_length=\u00a0\u00bb0.05em\u00a0\u00bb header_2_text_shadow_vertical_length=\u00a0\u00bb0.05em\u00a0\u00bb global_colors_info=\u00a0\u00bb{}\u00a0\u00bb]<\/p>\n<h2 style=\"text-align: left;\">Mon approche<\/h2>\n<p>[\/et_pb_text][et_pb_text _builder_version=\u00a0\u00bb4.20.0&Prime; _module_preset=\u00a0\u00bb1f09816e-184e-4ce5-a4cf-b39c52c423ca\u00a0\u00bb text_font=\u00a0\u00bb||||||||\u00a0\u00bb text_text_color=\u00a0\u00bb#FFFFFF\u00a0\u00bb text_font_size=\u00a0\u00bb16px\u00a0\u00bb text_line_height=\u00a0\u00bb1.8em\u00a0\u00bb max_width=\u00a0\u00bb650px\u00a0\u00bb custom_margin=\u00a0\u00bb||33px||false|false\u00a0\u00bb custom_margin_tablet=\u00a0\u00bb|5%||5%|false|true\u00a0\u00bb custom_margin_phone=\u00a0\u00bb|5%||5%|false|true\u00a0\u00bb custom_margin_last_edited=\u00a0\u00bbon|desktop\u00a0\u00bb custom_padding=\u00a0\u00bb||||false|false\u00a0\u00bb animation_style=\u00a0\u00bbfade\u00a0\u00bb animation_delay=\u00a0\u00bb500ms\u00a0\u00bb global_colors_info=\u00a0\u00bb{}\u00a0\u00bb]<\/p>\n<p><span style=\"font-weight: 400;\"><strong>Douceur, bienveillance, <\/strong>qualit\u00e9s de<strong> pr\u00e9sence,<\/strong>\u00a0<strong>\u00e9coute profonde <\/strong>et\u00a0<strong>non-jugement<\/strong> sont les ma\u00eetres-mots de mon approche th\u00e9rapeutique.<\/span><\/p>\n<p>[\/et_pb_text][et_pb_text _builder_version=\u00a0\u00bb4.20.4&Prime; _module_preset=\u00a0\u00bbdefault\u00a0\u00bb text_font=\u00a0\u00bb||||||||\u00a0\u00bb text_text_color=\u00a0\u00bb#FFFFFF\u00a0\u00bb text_font_size=\u00a0\u00bb16px\u00a0\u00bb text_line_height=\u00a0\u00bb1.8em\u00a0\u00bb max_width=\u00a0\u00bb650px\u00a0\u00bb custom_margin=\u00a0\u00bb||33px||false|false\u00a0\u00bb custom_margin_tablet=\u00a0\u00bb|5%||5%|false|true\u00a0\u00bb custom_margin_phone=\u00a0\u00bb|5%||5%|false|true\u00a0\u00bb custom_margin_last_edited=\u00a0\u00bbon|desktop\u00a0\u00bb custom_padding=\u00a0\u00bb||||false|false\u00a0\u00bb animation_style=\u00a0\u00bbfade\u00a0\u00bb animation_delay=\u00a0\u00bb600ms\u00a0\u00bb global_colors_info=\u00a0\u00bb{}\u00a0\u00bb]<\/p>\n<p><span style=\"font-weight: 400;\">Mes outils me permettent de vous accompagner sur votre chemin de gu\u00e9rison, en vous aidant \u00e0 vous reconnecter aux diff\u00e9rentes parties de votre \u00eatre : <\/span><b>corps, \u00e2me et esprit<\/b><span style=\"font-weight: 400;\">.<\/span><\/p>\n<p>[\/et_pb_text][et_pb_button button_url=\u00a0\u00bb#appeldecouverte\u00a0\u00bb button_text=\u00a0\u00bbJe r\u00e9serve un appel d\u00e9couverte\u00a0\u00bb button_alignment=\u00a0\u00bbleft\u00a0\u00bb _builder_version=\u00a0\u00bb4.21.0&Prime; _module_preset=\u00a0\u00bbdefault\u00a0\u00bb custom_margin=\u00a0\u00bb||||false|false\u00a0\u00bb animation_style=\u00a0\u00bbfade\u00a0\u00bb animation_delay=\u00a0\u00bb250ms\u00a0\u00bb global_colors_info=\u00a0\u00bb{}\u00a0\u00bb][\/et_pb_button][\/et_pb_column][et_pb_column type=\u00a0\u00bb1_2&Prime; _builder_version=\u00a0\u00bb4.20.0&Prime; _module_preset=\u00a0\u00bbdefault\u00a0\u00bb global_colors_info=\u00a0\u00bb{}\u00a0\u00bb][\/et_pb_column][\/et_pb_row][\/et_pb_section][et_pb_section fb_built=\u00a0\u00bb1&Prime; admin_label=\u00a0\u00bbPopup &#8211; #appeldecouverte\u00a0\u00bb module_id=\u00a0\u00bbappeldecouverte\u00a0\u00bb module_class=\u00a0\u00bbpopup\u00a0\u00bb _builder_version=\u00a0\u00bb4.21.0&Prime; _module_preset=\u00a0\u00bbdefault\u00a0\u00bb da_is_popup=\u00a0\u00bbon\u00a0\u00bb da_popup_slug=\u00a0\u00bbappeldecouverte\u00a0\u00bb da_disable_devices=\u00a0\u00bboff|off|off\u00a0\u00bb locked=\u00a0\u00bboff\u00a0\u00bb global_colors_info=\u00a0\u00bb{}\u00a0\u00bb da_exit_intent=\u00a0\u00bboff\u00a0\u00bb da_has_close=\u00a0\u00bbon\u00a0\u00bb da_alt_close=\u00a0\u00bboff\u00a0\u00bb da_dark_close=\u00a0\u00bboff\u00a0\u00bb da_not_modal=\u00a0\u00bbon\u00a0\u00bb da_is_singular=\u00a0\u00bboff\u00a0\u00bb da_with_loader=\u00a0\u00bboff\u00a0\u00bb da_has_shadow=\u00a0\u00bbon\u00a0\u00bb][et_pb_row _builder_version=\u00a0\u00bb4.21.0&Prime; _module_preset=\u00a0\u00bbdefault\u00a0\u00bb global_colors_info=\u00a0\u00bb{}\u00a0\u00bb][et_pb_column type=\u00a0\u00bb4_4&Prime; _builder_version=\u00a0\u00bb4.21.0&Prime; _module_preset=\u00a0\u00bbdefault\u00a0\u00bb global_colors_info=\u00a0\u00bb{}\u00a0\u00bb][et_pb_code _builder_version=\u00a0\u00bb4.21.0&Prime; _module_preset=\u00a0\u00bbdefault\u00a0\u00bb global_colors_info=\u00a0\u00bb{}\u00a0\u00bb]<!-- D\u00e9but de widget en ligne Calendly --><!-- [et_pb_line_break_holder] --><\/p>\n<div class=\"calendly-inline-widget\" data-url=\"https:\/\/calendly.com\/irinacoyssi-soinsenergetiques\/free-discovery-phone-call-appel-decouverte-gratuit?hide_gdpr_banner=1&#038;text_color=0a152e&#038;primary_color=d3a863\" style=\"min-width:320px;height:700px;\"><\/div>\n<p><!-- [et_pb_line_break_holder] --><script type=\"text\/javascript\" src=\"https:\/\/assets.calendly.com\/assets\/external\/widget.js\" async><\/script><!-- [et_pb_line_break_holder] --><!-- Fin de widget en ligne Calendly -->[\/et_pb_code][\/et_pb_column][\/et_pb_row][\/et_pb_section][et_pb_section fb_built=\u00a0\u00bb1&Prime; _builder_version=\u00a0\u00bb4.20.0&Prime; _module_preset=\u00a0\u00bbdefault\u00a0\u00bb background_color=\u00a0\u00bb#FFF5EE\u00a0\u00bb custom_padding=\u00a0\u00bb20px||2px|||\u00a0\u00bb da_disable_devices=\u00a0\u00bboff|off|off\u00a0\u00bb global_colors_info=\u00a0\u00bb{}\u00a0\u00bb da_is_popup=\u00a0\u00bboff\u00a0\u00bb da_exit_intent=\u00a0\u00bboff\u00a0\u00bb da_has_close=\u00a0\u00bbon\u00a0\u00bb da_alt_close=\u00a0\u00bboff\u00a0\u00bb da_dark_close=\u00a0\u00bboff\u00a0\u00bb da_not_modal=\u00a0\u00bbon\u00a0\u00bb da_is_singular=\u00a0\u00bboff\u00a0\u00bb da_with_loader=\u00a0\u00bboff\u00a0\u00bb da_has_shadow=\u00a0\u00bbon\u00a0\u00bb][et_pb_row _builder_version=\u00a0\u00bb4.19.5&Prime; _module_preset=\u00a0\u00bbdefault\u00a0\u00bb global_colors_info=\u00a0\u00bb{}\u00a0\u00bb][et_pb_column type=\u00a0\u00bb4_4&Prime; _builder_version=\u00a0\u00bb4.19.5&Prime; _module_preset=\u00a0\u00bbdefault\u00a0\u00bb global_colors_info=\u00a0\u00bb{}\u00a0\u00bb][et_pb_text _builder_version=\u00a0\u00bb4.19.2&Prime; text_font=\u00a0\u00bb||||||||\u00a0\u00bb text_font_size=\u00a0\u00bb16px\u00a0\u00bb text_line_height=\u00a0\u00bb1.8em\u00a0\u00bb custom_margin=\u00a0\u00bb-1px||-4px||false|true\u00a0\u00bb custom_margin_tablet=\u00a0\u00bb|5%||5%|false|true\u00a0\u00bb custom_margin_phone=\u00a0\u00bb|5%||5%|false|true\u00a0\u00bb custom_margin_last_edited=\u00a0\u00bbon|desktop\u00a0\u00bb custom_padding=\u00a0\u00bb0px|||||\u00a0\u00bb animation_style=\u00a0\u00bbfade\u00a0\u00bb animation_delay=\u00a0\u00bb250ms\u00a0\u00bb global_colors_info=\u00a0\u00bb{}\u00a0\u00bb]<\/p>\n<h2 style=\"text-align: center;\">Mon histoire<\/h2>\n<p>[\/et_pb_text][\/et_pb_column][\/et_pb_row][\/et_pb_section][et_pb_section fb_built=\u00a0\u00bb1&Prime; module_class=\u00a0\u00bbds-timeline\u00a0\u00bb _builder_version=\u00a0\u00bb4.20.0&Prime; background_color=\u00a0\u00bb#FFF5EE\u00a0\u00bb custom_padding=\u00a0\u00bb2px|0px|40px|0px|false|false\u00a0\u00bb da_disable_devices=\u00a0\u00bboff|off|off\u00a0\u00bb global_colors_info=\u00a0\u00bb{}\u00a0\u00bb da_is_popup=\u00a0\u00bboff\u00a0\u00bb da_exit_intent=\u00a0\u00bboff\u00a0\u00bb da_has_close=\u00a0\u00bbon\u00a0\u00bb da_alt_close=\u00a0\u00bboff\u00a0\u00bb da_dark_close=\u00a0\u00bboff\u00a0\u00bb da_not_modal=\u00a0\u00bbon\u00a0\u00bb da_is_singular=\u00a0\u00bboff\u00a0\u00bb da_with_loader=\u00a0\u00bboff\u00a0\u00bb da_has_shadow=\u00a0\u00bbon\u00a0\u00bb][et_pb_row column_structure=\u00a0\u00bb1_2,1_2&Prime; use_custom_gutter=\u00a0\u00bbon\u00a0\u00bb gutter_width=\u00a0\u00bb1&Prime; module_class=\u00a0\u00bbtimeline-item speak-soon even\u00a0\u00bb _builder_version=\u00a0\u00bb4.16&Prime; background_size=\u00a0\u00bbinitial\u00a0\u00bb background_position=\u00a0\u00bbtop_left\u00a0\u00bb background_repeat=\u00a0\u00bbrepeat\u00a0\u00bb global_colors_info=\u00a0\u00bb{}\u00a0\u00bb][et_pb_column type=\u00a0\u00bb1_2&Prime; module_class=\u00a0\u00bbcol-date\u00a0\u00bb _builder_version=\u00a0\u00bb4.16&Prime; custom_padding=\u00a0\u00bb|||\u00a0\u00bb global_colors_info=\u00a0\u00bb{}\u00a0\u00bb custom_padding__hover=\u00a0\u00bb|||\u00a0\u00bb][et_pb_image src=\u00a0\u00bbhttps:\/\/www.irinacoyssi.com\/wp-content\/uploads\/2023\/02\/740777_10151391700527603_1273939726_o.jpeg\u00a0\u00bb title_text=\u00a0\u00bb740777_10151391700527603_1273939726_o\u00a0\u00bb _builder_version=\u00a0\u00bb4.20.4&Prime; _module_preset=\u00a0\u00bbdefault\u00a0\u00bb width=\u00a0\u00bb64%\u00a0\u00bb width_tablet=\u00a0\u00bb64%\u00a0\u00bb width_phone=\u00a0\u00bb89%\u00a0\u00bb width_last_edited=\u00a0\u00bbon|phone\u00a0\u00bb module_alignment=\u00a0\u00bbcenter\u00a0\u00bb animation_style=\u00a0\u00bbfade\u00a0\u00bb animation_delay=\u00a0\u00bb200ms\u00a0\u00bb global_colors_info=\u00a0\u00bb{}\u00a0\u00bb][\/et_pb_image][\/et_pb_column][et_pb_column type=\u00a0\u00bb1_2&Prime; module_class=\u00a0\u00bbcol-details\u00a0\u00bb _builder_version=\u00a0\u00bb4.16&Prime; custom_padding=\u00a0\u00bb|||\u00a0\u00bb global_colors_info=\u00a0\u00bb{}\u00a0\u00bb custom_padding__hover=\u00a0\u00bb|||\u00a0\u00bb][et_pb_text admin_label=\u00a0\u00bbSpeak Description\u00a0\u00bb module_class=\u00a0\u00bbtm-desc\u00a0\u00bb _builder_version=\u00a0\u00bb4.20.4&Prime; text_font=\u00a0\u00bb||||||||\u00a0\u00bb text_font_size=\u00a0\u00bb16px\u00a0\u00bb max_width=\u00a0\u00bb600px\u00a0\u00bb custom_margin=\u00a0\u00bb||24px||false|false\u00a0\u00bb custom_margin_tablet=\u00a0\u00bb|5%||5%|false|true\u00a0\u00bb custom_margin_phone=\u00a0\u00bb|5%||5%|false|true\u00a0\u00bb custom_margin_last_edited=\u00a0\u00bbon|desktop\u00a0\u00bb custom_padding=\u00a0\u00bb||||false|false\u00a0\u00bb animation_style=\u00a0\u00bbfade\u00a0\u00bb animation_delay=\u00a0\u00bb600ms\u00a0\u00bb global_colors_info=\u00a0\u00bb{}\u00a0\u00bb]<\/p>\n<h3><span style=\"font-weight: 400;\">Connexion \u00e0 l&rsquo;invisible<\/span><\/h3>\n<p><span style=\"font-weight: 400;\">D\u00e8s mon plus jeune \u00e2ge et aussi loin que je m\u2019en souvienne, je cultive une fascination pour l\u2019invisible. J\u2019ai tr\u00e8s t\u00f4t des <strong>perceptions<\/strong> et <strong>r\u00e9miniscences de m\u00e9moires<\/strong> que je ne m&rsquo;explique pas. Je grandis baign\u00e9e de la <strong>culture animiste<\/strong> de mon p\u00e8re (l\u2019animisme est <\/span><span style=\"font-weight: 400;\">la croyance qu\u2019en chaque chose si\u00e8gent un esprit et une \u00e2me<\/span><span style=\"font-weight: 400;\">). \u00c0 l\u2019adolescence, ma tante maternelle m\u2019initie au travail \u00e9nerg\u00e9tique <\/span><span style=\"font-weight: 400;\">via le <strong>magn\u00e9tisme<\/strong>. <\/span><\/p>\n<ul><\/ul>\n<p>[\/et_pb_text][\/et_pb_column][\/et_pb_row][et_pb_row column_structure=\u00a0\u00bb1_2,1_2&Prime; use_custom_gutter=\u00a0\u00bbon\u00a0\u00bb gutter_width=\u00a0\u00bb1&Prime; module_class=\u00a0\u00bbtimeline-item speak-soon even\u00a0\u00bb _builder_version=\u00a0\u00bb4.16&Prime; background_size=\u00a0\u00bbinitial\u00a0\u00bb background_position=\u00a0\u00bbtop_left\u00a0\u00bb background_repeat=\u00a0\u00bbrepeat\u00a0\u00bb global_colors_info=\u00a0\u00bb{}\u00a0\u00bb][et_pb_column type=\u00a0\u00bb1_2&Prime; module_class=\u00a0\u00bbcol-date\u00a0\u00bb _builder_version=\u00a0\u00bb4.16&Prime; custom_padding=\u00a0\u00bb|||\u00a0\u00bb global_colors_info=\u00a0\u00bb{}\u00a0\u00bb custom_padding__hover=\u00a0\u00bb|||\u00a0\u00bb][et_pb_text admin_label=\u00a0\u00bbSpeak Description\u00a0\u00bb module_class=\u00a0\u00bbtm-desc\u00a0\u00bb _builder_version=\u00a0\u00bb4.20.4&Prime; text_font=\u00a0\u00bb||||||||\u00a0\u00bb text_font_size=\u00a0\u00bb16px\u00a0\u00bb max_width=\u00a0\u00bb600px\u00a0\u00bb custom_margin=\u00a0\u00bb||24px||false|false\u00a0\u00bb custom_margin_tablet=\u00a0\u00bb|5%||5%|false|true\u00a0\u00bb custom_margin_phone=\u00a0\u00bb|5%||5%|false|true\u00a0\u00bb custom_margin_last_edited=\u00a0\u00bbon|desktop\u00a0\u00bb custom_padding=\u00a0\u00bb||||false|false\u00a0\u00bb animation_style=\u00a0\u00bbfade\u00a0\u00bb animation_delay=\u00a0\u00bb600ms\u00a0\u00bb global_colors_info=\u00a0\u00bb{}\u00a0\u00bb]<\/p>\n<h3><span style=\"font-weight: 400;\">Impr\u00e9gn\u00e9e<\/span><span style=\"font-weight: 400;\"> des pratiques compl\u00e9mentaires<\/span><\/h3>\n<p><span style=\"font-weight: 400;\">Enfant, je grandis dans un foyer dans lequel ma m\u00e8re encourage une alimentation saine et m\u2019impr\u00e8gne de son int\u00e9r\u00eat pour les <strong>pratiques compl\u00e9mentaires<\/strong> telles que l\u2019hom\u00e9opathie, la phytoth\u00e9rapie, l\u2019acupuncture et m\u00eame l\u2019hypnose.<\/span><\/p>\n<ul><\/ul>\n<p>[\/et_pb_text][\/et_pb_column][et_pb_column type=\u00a0\u00bb1_2&Prime; module_class=\u00a0\u00bbcol-details\u00a0\u00bb _builder_version=\u00a0\u00bb4.16&Prime; custom_padding=\u00a0\u00bb|||\u00a0\u00bb global_colors_info=\u00a0\u00bb{}\u00a0\u00bb custom_padding__hover=\u00a0\u00bb|||\u00a0\u00bb][et_pb_image src=\u00a0\u00bbhttps:\/\/www.irinacoyssi.com\/wp-content\/uploads\/2023\/03\/20161229_181956-1-scaled.jpg\u00a0\u00bb title_text=\u00a0\u00bb20161229_181956&Prime; align_tablet=\u00a0\u00bb\u00a0\u00bb align_phone=\u00a0\u00bb\u00a0\u00bb align_last_edited=\u00a0\u00bbon|phone\u00a0\u00bb _builder_version=\u00a0\u00bb4.20.4&Prime; _module_preset=\u00a0\u00bbdefault\u00a0\u00bb width=\u00a0\u00bb100%\u00a0\u00bb width_tablet=\u00a0\u00bb100%\u00a0\u00bb width_phone=\u00a0\u00bb89%\u00a0\u00bb width_last_edited=\u00a0\u00bbon|phone\u00a0\u00bb module_alignment=\u00a0\u00bbcenter\u00a0\u00bb custom_margin=\u00a0\u00bb||||false|false\u00a0\u00bb custom_margin_tablet=\u00a0\u00bb||||false|false\u00a0\u00bb custom_margin_phone=\u00a0\u00bb-22px||||false|false\u00a0\u00bb custom_margin_last_edited=\u00a0\u00bbon|phone\u00a0\u00bb custom_padding=\u00a0\u00bb||0px|230px||\u00a0\u00bb custom_padding_tablet=\u00a0\u00bb||0px|230px||\u00a0\u00bb custom_padding_phone=\u00a0\u00bb|||0px|false|false\u00a0\u00bb custom_padding_last_edited=\u00a0\u00bbon|phone\u00a0\u00bb animation_style=\u00a0\u00bbfade\u00a0\u00bb animation_delay=\u00a0\u00bb200ms\u00a0\u00bb global_colors_info=\u00a0\u00bb{}\u00a0\u00bb custom_padding__hover_enabled=\u00a0\u00bbon|desktop\u00a0\u00bb custom_padding__hover=\u00a0\u00bb||0px|230px||\u00a0\u00bb][\/et_pb_image][\/et_pb_column][\/et_pb_row][et_pb_row column_structure=\u00a0\u00bb1_2,1_2&Prime; use_custom_gutter=\u00a0\u00bbon\u00a0\u00bb gutter_width=\u00a0\u00bb1&Prime; module_class=\u00a0\u00bbtimeline-item speak-soon even\u00a0\u00bb _builder_version=\u00a0\u00bb4.16&Prime; background_size=\u00a0\u00bbinitial\u00a0\u00bb background_position=\u00a0\u00bbtop_left\u00a0\u00bb background_repeat=\u00a0\u00bbrepeat\u00a0\u00bb global_colors_info=\u00a0\u00bb{}\u00a0\u00bb][et_pb_column type=\u00a0\u00bb1_2&Prime; module_class=\u00a0\u00bbcol-date\u00a0\u00bb _builder_version=\u00a0\u00bb4.16&Prime; custom_padding=\u00a0\u00bb|||\u00a0\u00bb global_colors_info=\u00a0\u00bb{}\u00a0\u00bb custom_padding__hover=\u00a0\u00bb|||\u00a0\u00bb][et_pb_image src=\u00a0\u00bbhttps:\/\/www.irinacoyssi.com\/wp-content\/uploads\/2023\/03\/unnamed-5.jpeg\u00a0\u00bb title_text=\u00a0\u00bbunnamed-5&Prime; _builder_version=\u00a0\u00bb4.20.4&Prime; _module_preset=\u00a0\u00bbdefault\u00a0\u00bb width_tablet=\u00a0\u00bb\u00a0\u00bb width_phone=\u00a0\u00bb89%\u00a0\u00bb width_last_edited=\u00a0\u00bbon|phone\u00a0\u00bb module_alignment=\u00a0\u00bbcenter\u00a0\u00bb animation_style=\u00a0\u00bbfade\u00a0\u00bb animation_delay=\u00a0\u00bb200ms\u00a0\u00bb global_colors_info=\u00a0\u00bb{}\u00a0\u00bb][\/et_pb_image][\/et_pb_column][et_pb_column type=\u00a0\u00bb1_2&Prime; module_class=\u00a0\u00bbcol-details\u00a0\u00bb _builder_version=\u00a0\u00bb4.16&Prime; custom_padding=\u00a0\u00bb|||\u00a0\u00bb global_colors_info=\u00a0\u00bb{}\u00a0\u00bb custom_padding__hover=\u00a0\u00bb|||\u00a0\u00bb][et_pb_text admin_label=\u00a0\u00bbSpeak Description\u00a0\u00bb module_class=\u00a0\u00bbtm-desc\u00a0\u00bb _builder_version=\u00a0\u00bb4.20.4&Prime; text_font=\u00a0\u00bb||||||||\u00a0\u00bb text_font_size=\u00a0\u00bb16px\u00a0\u00bb max_width=\u00a0\u00bb600px\u00a0\u00bb custom_margin=\u00a0\u00bb||24px||false|false\u00a0\u00bb custom_margin_tablet=\u00a0\u00bb|5%||5%|false|true\u00a0\u00bb custom_margin_phone=\u00a0\u00bb|5%||5%|false|true\u00a0\u00bb custom_margin_last_edited=\u00a0\u00bbon|desktop\u00a0\u00bb custom_padding=\u00a0\u00bb||||false|false\u00a0\u00bb animation_style=\u00a0\u00bbfade\u00a0\u00bb animation_delay=\u00a0\u00bb600ms\u00a0\u00bb global_colors_info=\u00a0\u00bb{}\u00a0\u00bb]<\/p>\n<h3><span style=\"font-weight: 400;\">Des bases scientifiques<\/span><\/h3>\n<p><span style=\"font-weight: 400;\">De nature insatiablement curieuse, je m\u2019interroge depuis l\u2019enfance sur la r\u00e9alit\u00e9 qui nous entoure et me pose mille questions, plus profondes et complexes les unes que les autres.\u00a0<\/span><\/p>\n<p><span style=\"font-weight: 400;\">Pour tenter de r\u00e9pondre \u00e0 ce d\u00e9sir de compr\u00e9hension, je pars suivre un cursus de <strong>Physique &amp; Philosophie (Master)<\/strong> en Angleterre. Je deviens <strong>bilingue<\/strong> par la m\u00eame occasion. Mon m\u00e9moire de fin d\u2019\u00e9tudes porte sur les r\u00e9volutions scientifiques et leurs implications philosophiques, avec l\u2019\u00e9mergence de la <strong>physique quantique <\/strong>pour cas d\u2019\u00e9tude.<\/span><\/p>\n<ul><\/ul>\n<p>[\/et_pb_text][\/et_pb_column][\/et_pb_row][et_pb_row column_structure=\u00a0\u00bb1_2,1_2&Prime; use_custom_gutter=\u00a0\u00bbon\u00a0\u00bb gutter_width=\u00a0\u00bb1&Prime; module_class=\u00a0\u00bbtimeline-item speak-soon even\u00a0\u00bb _builder_version=\u00a0\u00bb4.16&Prime; background_size=\u00a0\u00bbinitial\u00a0\u00bb background_position=\u00a0\u00bbtop_left\u00a0\u00bb background_repeat=\u00a0\u00bbrepeat\u00a0\u00bb global_colors_info=\u00a0\u00bb{}\u00a0\u00bb][et_pb_column type=\u00a0\u00bb1_2&Prime; module_class=\u00a0\u00bbcol-date\u00a0\u00bb _builder_version=\u00a0\u00bb4.16&Prime; custom_padding=\u00a0\u00bb|||\u00a0\u00bb global_colors_info=\u00a0\u00bb{}\u00a0\u00bb custom_padding__hover=\u00a0\u00bb|||\u00a0\u00bb][et_pb_text admin_label=\u00a0\u00bbSpeak Description\u00a0\u00bb module_class=\u00a0\u00bbtm-desc\u00a0\u00bb _builder_version=\u00a0\u00bb4.22.2&Prime; text_font=\u00a0\u00bb||||||||\u00a0\u00bb text_font_size=\u00a0\u00bb16px\u00a0\u00bb max_width=\u00a0\u00bb600px\u00a0\u00bb custom_margin=\u00a0\u00bb||24px||false|false\u00a0\u00bb custom_margin_tablet=\u00a0\u00bb|5%||5%|false|true\u00a0\u00bb custom_margin_phone=\u00a0\u00bb|5%||5%|false|true\u00a0\u00bb custom_margin_last_edited=\u00a0\u00bbon|desktop\u00a0\u00bb custom_padding=\u00a0\u00bb||||false|false\u00a0\u00bb animation_style=\u00a0\u00bbfade\u00a0\u00bb animation_delay=\u00a0\u00bb600ms\u00a0\u00bb global_colors_info=\u00a0\u00bb{}\u00a0\u00bb]<\/p>\n<h3><span style=\"font-weight: 400;\">Mon chemin de gu\u00e9rison<\/span><\/h3>\n<p><span style=\"font-weight: 400;\">Des \u00e9preuves difficiles de <strong>maladie chronique<\/strong> m\u2019invitent \u00e0 une exploration int\u00e9rieure approfondie. Un long travail de recherche et des exp\u00e9rimentations sur mon propre corps m\u2019aident \u00e0 comprendre les m\u00e9canismes qui sous-tendent les maladies, sur les plans \u00e0 la fois physique, \u00e9motionnel, mental et spirituel.<\/span><\/p>\n<p><span style=\"font-weight: 400;\">Gr\u00e2ce aux nombreux outils que je teste, je recouvre peu \u00e0 peu la pleine sant\u00e9, <strong>dis bye bye \u00e0 l\u2019endom\u00e9triose<\/strong> et aux <strong>douleurs invalidantes<\/strong>. Exp\u00e9rimentant par la suite des <strong>troubles \u00e9motionnels<\/strong>, je mets \u00e0 l\u2019\u00e9preuve ces techniques sur des probl\u00e8mes purement psychologiques et retrouve un esprit apais\u00e9 et serein.<\/span><\/p>\n<ul><\/ul>\n<p>[\/et_pb_text][\/et_pb_column][et_pb_column type=\u00a0\u00bb1_2&Prime; module_class=\u00a0\u00bbcol-details\u00a0\u00bb _builder_version=\u00a0\u00bb4.16&Prime; custom_padding=\u00a0\u00bb|||\u00a0\u00bb global_colors_info=\u00a0\u00bb{}\u00a0\u00bb custom_padding__hover=\u00a0\u00bb|||\u00a0\u00bb][et_pb_image src=\u00a0\u00bbhttps:\/\/www.irinacoyssi.com\/wp-content\/uploads\/2023\/02\/DSCF2438-1-scaled.jpg\u00a0\u00bb title_text=\u00a0\u00bbDSCF2438&Prime; _builder_version=\u00a0\u00bb4.20.4&Prime; _module_preset=\u00a0\u00bbdefault\u00a0\u00bb width_tablet=\u00a0\u00bb\u00a0\u00bb width_phone=\u00a0\u00bb89%\u00a0\u00bb width_last_edited=\u00a0\u00bbon|phone\u00a0\u00bb module_alignment=\u00a0\u00bbcenter\u00a0\u00bb custom_margin=\u00a0\u00bb-23px||||false|false\u00a0\u00bb animation_style=\u00a0\u00bbfade\u00a0\u00bb animation_delay=\u00a0\u00bb200ms\u00a0\u00bb global_colors_info=\u00a0\u00bb{}\u00a0\u00bb][\/et_pb_image][\/et_pb_column][\/et_pb_row][et_pb_row column_structure=\u00a0\u00bb1_2,1_2&Prime; use_custom_gutter=\u00a0\u00bbon\u00a0\u00bb gutter_width=\u00a0\u00bb1&Prime; module_class=\u00a0\u00bbtimeline-item speak-soon even\u00a0\u00bb _builder_version=\u00a0\u00bb4.16&Prime; background_size=\u00a0\u00bbinitial\u00a0\u00bb background_position=\u00a0\u00bbtop_left\u00a0\u00bb background_repeat=\u00a0\u00bbrepeat\u00a0\u00bb global_colors_info=\u00a0\u00bb{}\u00a0\u00bb][et_pb_column type=\u00a0\u00bb1_2&Prime; module_class=\u00a0\u00bbcol-date\u00a0\u00bb _builder_version=\u00a0\u00bb4.16&Prime; custom_padding=\u00a0\u00bb|||\u00a0\u00bb global_colors_info=\u00a0\u00bb{}\u00a0\u00bb custom_padding__hover=\u00a0\u00bb|||\u00a0\u00bb][et_pb_image src=\u00a0\u00bbhttps:\/\/www.irinacoyssi.com\/wp-content\/uploads\/2023\/02\/DSCF2508-scaled.jpg\u00a0\u00bb title_text=\u00a0\u00bbDSCF2508&Prime; _builder_version=\u00a0\u00bb4.20.4&Prime; _module_preset=\u00a0\u00bbdefault\u00a0\u00bb width_tablet=\u00a0\u00bb\u00a0\u00bb width_phone=\u00a0\u00bb89%\u00a0\u00bb width_last_edited=\u00a0\u00bbon|phone\u00a0\u00bb module_alignment=\u00a0\u00bbcenter\u00a0\u00bb animation_style=\u00a0\u00bbfade\u00a0\u00bb animation_delay=\u00a0\u00bb200ms\u00a0\u00bb global_colors_info=\u00a0\u00bb{}\u00a0\u00bb][\/et_pb_image][\/et_pb_column][et_pb_column type=\u00a0\u00bb1_2&Prime; module_class=\u00a0\u00bbcol-details\u00a0\u00bb _builder_version=\u00a0\u00bb4.16&Prime; custom_padding=\u00a0\u00bb|||\u00a0\u00bb global_colors_info=\u00a0\u00bb{}\u00a0\u00bb custom_padding__hover=\u00a0\u00bb|||\u00a0\u00bb][et_pb_text admin_label=\u00a0\u00bbSpeak Description\u00a0\u00bb module_class=\u00a0\u00bbtm-desc\u00a0\u00bb _builder_version=\u00a0\u00bb4.27.4&Prime; text_font=\u00a0\u00bb||||||||\u00a0\u00bb text_font_size=\u00a0\u00bb16px\u00a0\u00bb max_width=\u00a0\u00bb600px\u00a0\u00bb custom_margin=\u00a0\u00bb||24px||false|false\u00a0\u00bb custom_margin_tablet=\u00a0\u00bb|5%||5%|false|true\u00a0\u00bb custom_margin_phone=\u00a0\u00bb|5%||5%|false|true\u00a0\u00bb custom_margin_last_edited=\u00a0\u00bbon|desktop\u00a0\u00bb custom_padding=\u00a0\u00bb||||false|false\u00a0\u00bb animation_style=\u00a0\u00bbfade\u00a0\u00bb animation_delay=\u00a0\u00bb600ms\u00a0\u00bb global_colors_info=\u00a0\u00bb{}\u00a0\u00bb]<\/p>\n<h3><span style=\"font-weight: 400;\">Savoir &amp; transmission<\/span><\/h3>\n<p><span style=\"font-weight: 400;\"><strong>Apr\u00e8s avoir gu\u00e9ri<\/strong> de ces sympt\u00f4mes physiques et \u00e9motionnels, j\u2019ai compris qu\u2019il fallait que je transmette le fruit de mes recherches et exp\u00e9rimentations, que je mette mon v\u00e9cu <strong>au service des autres<\/strong> pour les accompagner \u00e0 cheminer vers un mieux-\u00eatre, et leur transmettre les outils qui ont propuls\u00e9 ma gu\u00e9rison.<\/span><\/p>\n<p><span style=\"font-weight: 400;\">Mon parcours me permet une meilleure compr\u00e9hension de vos probl\u00e9matiques et m\u2019aide \u00e0 davantage cerner vos besoins afin de <strong>vous guider vers une sant\u00e9 optimale<\/strong> \u00e0 tous les niveaux, et vous partager mes connaissances th\u00e9oriques et pratiques.<\/span><\/p>\n<ul><\/ul>\n<p>[\/et_pb_text][\/et_pb_column][\/et_pb_row][\/et_pb_section][et_pb_section fb_built=\u00a0\u00bb1&Prime; _builder_version=\u00a0\u00bb4.20.4&Prime; _module_preset=\u00a0\u00bbdefault\u00a0\u00bb background_enable_color=\u00a0\u00bboff\u00a0\u00bb use_background_color_gradient=\u00a0\u00bbon\u00a0\u00bb background_color_gradient_stops=\u00a0\u00bb#fff5ee 0%|#fff5ee 6%|#fff5ee 24%|rgba(255, 245, 238, 0.85) 55%|rgba(255,245,238,0.63) 75%\u00a0\u00bb background_color_gradient_overlays_image=\u00a0\u00bbon\u00a0\u00bb background_image=\u00a0\u00bbhttps:\/\/www.irinacoyssi.com\/wp-content\/uploads\/2023\/04\/8.png\u00a0\u00bb parallax=\u00a0\u00bbon\u00a0\u00bb custom_margin=\u00a0\u00bb||||false|false\u00a0\u00bb custom_padding=\u00a0\u00bb20px||20px||true|false\u00a0\u00bb animation_style=\u00a0\u00bbfade\u00a0\u00bb da_disable_devices=\u00a0\u00bboff|off|off\u00a0\u00bb global_colors_info=\u00a0\u00bb{}\u00a0\u00bb da_is_popup=\u00a0\u00bboff\u00a0\u00bb da_exit_intent=\u00a0\u00bboff\u00a0\u00bb da_has_close=\u00a0\u00bbon\u00a0\u00bb da_alt_close=\u00a0\u00bboff\u00a0\u00bb da_dark_close=\u00a0\u00bboff\u00a0\u00bb da_not_modal=\u00a0\u00bbon\u00a0\u00bb da_is_singular=\u00a0\u00bboff\u00a0\u00bb da_with_loader=\u00a0\u00bboff\u00a0\u00bb da_has_shadow=\u00a0\u00bbon\u00a0\u00bb][et_pb_row _builder_version=\u00a0\u00bb4.20.0&Prime; _module_preset=\u00a0\u00bbdefault\u00a0\u00bb global_colors_info=\u00a0\u00bb{}\u00a0\u00bb][et_pb_column type=\u00a0\u00bb4_4&Prime; _builder_version=\u00a0\u00bb4.20.0&Prime; _module_preset=\u00a0\u00bbdefault\u00a0\u00bb global_colors_info=\u00a0\u00bb{}\u00a0\u00bb][et_pb_icon font_icon=\u00a0\u00bb&#xe06a;||divi||400&Prime; icon_color=\u00a0\u00bb#D3A863&Prime; icon_width=\u00a0\u00bb50px\u00a0\u00bb _builder_version=\u00a0\u00bb4.20.0&Prime; _module_preset=\u00a0\u00bbdefault\u00a0\u00bb global_colors_info=\u00a0\u00bb{}\u00a0\u00bb][\/et_pb_icon][et_pb_text _builder_version=\u00a0\u00bb4.20.0&Prime; _module_preset=\u00a0\u00bbdefault\u00a0\u00bb text_font_size=\u00a0\u00bb35px\u00a0\u00bb text_line_height=\u00a0\u00bb1em\u00a0\u00bb width=\u00a0\u00bb100%\u00a0\u00bb max_width=\u00a0\u00bb100%\u00a0\u00bb custom_margin=\u00a0\u00bb||19px|||\u00a0\u00bb global_colors_info=\u00a0\u00bb{}\u00a0\u00bb]<\/p>\n<p style=\"text-align: center;\"><em><span style=\"font-weight: 400;\">Lorsque tu ne sais pas o\u00f9 tu vas, regarde d\u2019o\u00f9 tu viens.<\/span><\/em><\/p>\n<p>[\/et_pb_text][et_pb_text _builder_version=\u00a0\u00bb4.19.2&Prime; _module_preset=\u00a0\u00bbdefault\u00a0\u00bb text_font=\u00a0\u00bbForum||||||||\u00a0\u00bb text_text_color=\u00a0\u00bb#D3A863&Prime; text_font_size=\u00a0\u00bb26px\u00a0\u00bb text_text_shadow_style=\u00a0\u00bbpreset2&Prime; text_text_shadow_horizontal_length=\u00a0\u00bb0.04em\u00a0\u00bb text_text_shadow_vertical_length=\u00a0\u00bb0.04em\u00a0\u00bb global_colors_info=\u00a0\u00bb{}\u00a0\u00bb]<\/p>\n<p style=\"text-align: center;\"><b>Proverbe africain<\/b><\/p>\n<p>[\/et_pb_text][\/et_pb_column][\/et_pb_row][\/et_pb_section][et_pb_section fb_built=\u00a0\u00bb1&Prime; _builder_version=\u00a0\u00bb4.19.5&Prime; _module_preset=\u00a0\u00bbdefault\u00a0\u00bb custom_padding=\u00a0\u00bb||26px|||\u00a0\u00bb da_disable_devices=\u00a0\u00bboff|off|off\u00a0\u00bb global_colors_info=\u00a0\u00bb{}\u00a0\u00bb da_is_popup=\u00a0\u00bboff\u00a0\u00bb da_exit_intent=\u00a0\u00bboff\u00a0\u00bb da_has_close=\u00a0\u00bbon\u00a0\u00bb da_alt_close=\u00a0\u00bboff\u00a0\u00bb da_dark_close=\u00a0\u00bboff\u00a0\u00bb da_not_modal=\u00a0\u00bbon\u00a0\u00bb da_is_singular=\u00a0\u00bboff\u00a0\u00bb da_with_loader=\u00a0\u00bboff\u00a0\u00bb da_has_shadow=\u00a0\u00bbon\u00a0\u00bb][et_pb_row _builder_version=\u00a0\u00bb4.19.5&Prime; _module_preset=\u00a0\u00bbdefault\u00a0\u00bb custom_padding=\u00a0\u00bb||4px|||\u00a0\u00bb global_colors_info=\u00a0\u00bb{}\u00a0\u00bb][et_pb_column type=\u00a0\u00bb4_4&Prime; _builder_version=\u00a0\u00bb4.19.5&Prime; _module_preset=\u00a0\u00bbdefault\u00a0\u00bb global_colors_info=\u00a0\u00bb{}\u00a0\u00bb][et_pb_text _builder_version=\u00a0\u00bb4.20.4&Prime; text_font=\u00a0\u00bb||||||||\u00a0\u00bb text_font_size=\u00a0\u00bb16px\u00a0\u00bb text_line_height=\u00a0\u00bb1.8em\u00a0\u00bb custom_margin=\u00a0\u00bb-1px||-4px||false|true\u00a0\u00bb custom_margin_tablet=\u00a0\u00bb|5%||5%|false|true\u00a0\u00bb custom_margin_phone=\u00a0\u00bb|5%||5%|false|true\u00a0\u00bb custom_margin_last_edited=\u00a0\u00bbon|desktop\u00a0\u00bb custom_padding=\u00a0\u00bb0px|||||\u00a0\u00bb animation_style=\u00a0\u00bbfade\u00a0\u00bb animation_delay=\u00a0\u00bb250ms\u00a0\u00bb global_colors_info=\u00a0\u00bb{}\u00a0\u00bb]<\/p>\n<h2 style=\"text-align: center;\">Mes valeurs d&rsquo;accompagnement<\/h2>\n<p>[\/et_pb_text][\/et_pb_column][\/et_pb_row][\/et_pb_section][et_pb_section fb_built=\u00a0\u00bb1&Prime; _builder_version=\u00a0\u00bb4.16&Prime; _module_preset=\u00a0\u00bbdefault\u00a0\u00bb background_color=\u00a0\u00bb#FFFFFF\u00a0\u00bb custom_padding=\u00a0\u00bb13px|||||\u00a0\u00bb da_disable_devices=\u00a0\u00bboff|off|off\u00a0\u00bb global_colors_info=\u00a0\u00bb{}\u00a0\u00bb da_is_popup=\u00a0\u00bboff\u00a0\u00bb da_exit_intent=\u00a0\u00bboff\u00a0\u00bb da_has_close=\u00a0\u00bbon\u00a0\u00bb da_alt_close=\u00a0\u00bboff\u00a0\u00bb da_dark_close=\u00a0\u00bboff\u00a0\u00bb da_not_modal=\u00a0\u00bbon\u00a0\u00bb da_is_singular=\u00a0\u00bboff\u00a0\u00bb da_with_loader=\u00a0\u00bboff\u00a0\u00bb da_has_shadow=\u00a0\u00bbon\u00a0\u00bb][et_pb_row column_structure=\u00a0\u00bb1_3,1_3,1_3&Prime; use_custom_gutter=\u00a0\u00bbon\u00a0\u00bb gutter_width=\u00a0\u00bb2&Prime; make_equal=\u00a0\u00bbon\u00a0\u00bb _builder_version=\u00a0\u00bb4.20.0&Prime; _module_preset=\u00a0\u00bbdefault\u00a0\u00bb width=\u00a0\u00bb86%\u00a0\u00bb max_width=\u00a0\u00bb90%\u00a0\u00bb global_colors_info=\u00a0\u00bb{}\u00a0\u00bb][et_pb_column type=\u00a0\u00bb1_3&Prime; _builder_version=\u00a0\u00bb4.16&Prime; _module_preset=\u00a0\u00bbdefault\u00a0\u00bb global_colors_info=\u00a0\u00bb{}\u00a0\u00bb][dsm_flipbox flipbox_effect=\u00a0\u00bbleft\u00a0\u00bb flipbox_height=\u00a0\u00bb320px\u00a0\u00bb _builder_version=\u00a0\u00bb4.27.0&Prime; _module_preset=\u00a0\u00bbdefault\u00a0\u00bb header_font=\u00a0\u00bbMontserrat||||||||\u00a0\u00bb content_font=\u00a0\u00bbMontserrat||||||||\u00a0\u00bb subhead_font=\u00a0\u00bbMontserrat||||||||\u00a0\u00bb animation_style=\u00a0\u00bbfade\u00a0\u00bb animation_delay=\u00a0\u00bb150ms\u00a0\u00bb box_shadow_style=\u00a0\u00bbpreset1&Prime; global_colors_info=\u00a0\u00bb{}\u00a0\u00bb][dsm_flipbox_child title=\u00a0\u00bbAuthenticit\u00e9\u00a0\u00bb image=\u00a0\u00bbhttps:\/\/www.irinacoyssi.com\/wp-content\/uploads\/2023\/03\/authenticite.png\u00a0\u00bb image_max_width=\u00a0\u00bb17%\u00a0\u00bb button_url_new_window=\u00a0\u00bb1&Prime; _builder_version=\u00a0\u00bb4.20.4&Prime; _module_preset=\u00a0\u00bbdefault\u00a0\u00bb header_level=\u00a0\u00bbh3&Prime; header_font=\u00a0\u00bbForum||||||||\u00a0\u00bb header_text_color=\u00a0\u00bb#D3A863&Prime; header_font_size=\u00a0\u00bb30px\u00a0\u00bb content_font=\u00a0\u00bbMontserrat|700|||||||\u00a0\u00bb content_text_color=\u00a0\u00bb#D3A863&Prime; content_font_size=\u00a0\u00bb18px\u00a0\u00bb subhead_font=\u00a0\u00bb||||||||\u00a0\u00bb subhead_font_size=\u00a0\u00bb12px\u00a0\u00bb background_color=\u00a0\u00bb#0A152E\u00a0\u00bb background_enable_color=\u00a0\u00bbon\u00a0\u00bb background_enable_image=\u00a0\u00bboff\u00a0\u00bb text_orientation=\u00a0\u00bbcenter\u00a0\u00bb border_radii=\u00a0\u00bbon|10px|10px|10px|10px\u00a0\u00bb box_shadow_style=\u00a0\u00bbpreset1&Prime; box_shadow_vertical=\u00a0\u00bb11px\u00a0\u00bb box_shadow_blur=\u00a0\u00bb44px\u00a0\u00bb box_shadow_spread=\u00a0\u00bb-13px\u00a0\u00bb box_shadow_color=\u00a0\u00bbrgba(0,0,0,0.14)\u00a0\u00bb global_colors_info=\u00a0\u00bb{}\u00a0\u00bb parent_header_level=\u00a0\u00bbh4&Prime;][\/dsm_flipbox_child][dsm_flipbox_child title=\u00a0\u00bbAuthenticit\u00e9\u00a0\u00bb image_max_width=\u00a0\u00bb40%\u00a0\u00bb button_url_new_window=\u00a0\u00bb1&Prime; _builder_version=\u00a0\u00bb4.27.0&Prime; _module_preset=\u00a0\u00bbdefault\u00a0\u00bb header_font=\u00a0\u00bbMontserrat|700|||||||\u00a0\u00bb header_text_color=\u00a0\u00bb#FFFFFF\u00a0\u00bb content_font=\u00a0\u00bbMontserrat|600|||||||\u00a0\u00bb content_text_color=\u00a0\u00bb#FFFFFF\u00a0\u00bb subhead_font=\u00a0\u00bbMontserrat|600|||on||||\u00a0\u00bb subhead_text_color=\u00a0\u00bb#FFFFFF\u00a0\u00bb subhead_font_size=\u00a0\u00bb15px\u00a0\u00bb background_color=\u00a0\u00bb#D3A863&Prime; background_enable_color=\u00a0\u00bbon\u00a0\u00bb background_enable_image=\u00a0\u00bboff\u00a0\u00bb custom_button=\u00a0\u00bbon\u00a0\u00bb button_text_size=\u00a0\u00bb17px\u00a0\u00bb button_text_color=\u00a0\u00bb#1abc89&Prime; button_bg_color=\u00a0\u00bb#FFFFFF\u00a0\u00bb button_border_width=\u00a0\u00bb0px\u00a0\u00bb button_border_radius=\u00a0\u00bb4px\u00a0\u00bb button_font=\u00a0\u00bbMontserrat|700||on|||||\u00a0\u00bb button_use_icon=\u00a0\u00bbon\u00a0\u00bb button_icon=\u00a0\u00bb%%3%%\u00a0\u00bb button_custom_padding=\u00a0\u00bb9px|30px|9px|30px|true|true\u00a0\u00bb text_orientation=\u00a0\u00bbcenter\u00a0\u00bb custom_padding=\u00a0\u00bb|20px||20px|false|true\u00a0\u00bb border_radii=\u00a0\u00bbon|10px|10px|10px|10px\u00a0\u00bb box_shadow_style=\u00a0\u00bbpreset1&Prime; box_shadow_vertical=\u00a0\u00bb11px\u00a0\u00bb box_shadow_blur=\u00a0\u00bb44px\u00a0\u00bb box_shadow_spread=\u00a0\u00bb-13px\u00a0\u00bb box_shadow_color=\u00a0\u00bbrgba(0,0,0,0.14)\u00a0\u00bb box_shadow_style_button=\u00a0\u00bbpreset1&Prime; box_shadow_blur_button=\u00a0\u00bb30px\u00a0\u00bb box_shadow_spread_button=\u00a0\u00bb-8px\u00a0\u00bb global_colors_info=\u00a0\u00bb{}\u00a0\u00bb parent_header_level=\u00a0\u00bbh4&Prime;]<\/p>\n<p><span style=\"font-weight: 400;\">C\u2019est avec le c\u0153ur que je cherche \u00e0 connecter avec les personnes que j&rsquo;accompagne, depuis un espace de profonde empathie, authenticit\u00e9 et transparence.\u00a0<\/span><\/p>\n<p><span style=\"font-weight: 400;\">L\u2019<strong>accueil de vos \u00e9motions<\/strong> et l\u2019<strong>acceptation de vos parts d\u2019ombres<\/strong> sont au centre de ma pratique, pour pouvoir faire \u00e9merger la lumi\u00e8re en vous.<\/span><\/p>\n<p>[\/dsm_flipbox_child][\/dsm_flipbox][\/et_pb_column][et_pb_column type=\u00a0\u00bb1_3&Prime; _builder_version=\u00a0\u00bb4.16&Prime; _module_preset=\u00a0\u00bbdefault\u00a0\u00bb global_colors_info=\u00a0\u00bb{}\u00a0\u00bb][dsm_flipbox flipbox_effect=\u00a0\u00bbleft\u00a0\u00bb flipbox_height=\u00a0\u00bb320px\u00a0\u00bb _builder_version=\u00a0\u00bb4.27.0&Prime; _module_preset=\u00a0\u00bbdefault\u00a0\u00bb header_font=\u00a0\u00bbMontserrat||||||||\u00a0\u00bb content_font=\u00a0\u00bbMontserrat||||||||\u00a0\u00bb subhead_font=\u00a0\u00bbMontserrat||||||||\u00a0\u00bb animation_style=\u00a0\u00bbfade\u00a0\u00bb animation_delay=\u00a0\u00bb300ms\u00a0\u00bb global_colors_info=\u00a0\u00bb{}\u00a0\u00bb][dsm_flipbox_child title=\u00a0\u00bbBienveillance\u00a0\u00bb image=\u00a0\u00bbhttps:\/\/www.irinacoyssi.com\/wp-content\/uploads\/2023\/03\/bienveillance.png\u00a0\u00bb image_max_width=\u00a0\u00bb17%\u00a0\u00bb button_url_new_window=\u00a0\u00bb1&Prime; _builder_version=\u00a0\u00bb4.20.4&Prime; _module_preset=\u00a0\u00bbdefault\u00a0\u00bb header_level=\u00a0\u00bbh3&Prime; header_font=\u00a0\u00bbForum||||||||\u00a0\u00bb header_text_color=\u00a0\u00bb#D3A863&Prime; header_font_size=\u00a0\u00bb30px\u00a0\u00bb content_font=\u00a0\u00bbMontserrat|700|||||||\u00a0\u00bb content_text_color=\u00a0\u00bb#D3A863&Prime; content_font_size=\u00a0\u00bb18px\u00a0\u00bb subhead_font=\u00a0\u00bb||||||||\u00a0\u00bb subhead_font_size=\u00a0\u00bb12px\u00a0\u00bb background_color=\u00a0\u00bb#0A152E\u00a0\u00bb background_enable_color=\u00a0\u00bbon\u00a0\u00bb background_enable_image=\u00a0\u00bboff\u00a0\u00bb text_orientation=\u00a0\u00bbcenter\u00a0\u00bb border_radii=\u00a0\u00bbon|10px|10px|10px|10px\u00a0\u00bb box_shadow_style=\u00a0\u00bbpreset1&Prime; box_shadow_vertical=\u00a0\u00bb11px\u00a0\u00bb box_shadow_blur=\u00a0\u00bb44px\u00a0\u00bb box_shadow_spread=\u00a0\u00bb-13px\u00a0\u00bb box_shadow_color=\u00a0\u00bbrgba(0,0,0,0.14)\u00a0\u00bb global_colors_info=\u00a0\u00bb{}\u00a0\u00bb parent_header_level=\u00a0\u00bbh4&Prime;][\/dsm_flipbox_child][dsm_flipbox_child title=\u00a0\u00bbBienveillance\u00a0\u00bb image_max_width=\u00a0\u00bb40%\u00a0\u00bb button_url_new_window=\u00a0\u00bb1&Prime; _builder_version=\u00a0\u00bb4.27.0&Prime; _module_preset=\u00a0\u00bbdefault\u00a0\u00bb header_font=\u00a0\u00bbMontserrat|700|||||||\u00a0\u00bb header_text_color=\u00a0\u00bb#FFFFFF\u00a0\u00bb content_font=\u00a0\u00bbMontserrat|600|||||||\u00a0\u00bb content_text_color=\u00a0\u00bb#FFFFFF\u00a0\u00bb subhead_font=\u00a0\u00bbMontserrat|600|||on||||\u00a0\u00bb subhead_text_color=\u00a0\u00bb#FFFFFF\u00a0\u00bb subhead_font_size=\u00a0\u00bb15px\u00a0\u00bb background_color=\u00a0\u00bb#D3A863&Prime; background_enable_color=\u00a0\u00bbon\u00a0\u00bb background_enable_image=\u00a0\u00bboff\u00a0\u00bb custom_button=\u00a0\u00bbon\u00a0\u00bb button_text_size=\u00a0\u00bb17px\u00a0\u00bb button_text_color=\u00a0\u00bb#1abc89&Prime; button_bg_color=\u00a0\u00bb#FFFFFF\u00a0\u00bb button_border_width=\u00a0\u00bb0px\u00a0\u00bb button_border_radius=\u00a0\u00bb4px\u00a0\u00bb button_font=\u00a0\u00bbMontserrat|700||on|||||\u00a0\u00bb button_use_icon=\u00a0\u00bbon\u00a0\u00bb button_icon=\u00a0\u00bb%%3%%\u00a0\u00bb button_custom_padding=\u00a0\u00bb9px|30px|9px|30px|true|true\u00a0\u00bb text_orientation=\u00a0\u00bbcenter\u00a0\u00bb custom_padding=\u00a0\u00bb|20px||20px|false|true\u00a0\u00bb border_radii=\u00a0\u00bbon|10px|10px|10px|10px\u00a0\u00bb box_shadow_style=\u00a0\u00bbpreset1&Prime; box_shadow_vertical=\u00a0\u00bb11px\u00a0\u00bb box_shadow_blur=\u00a0\u00bb44px\u00a0\u00bb box_shadow_spread=\u00a0\u00bb-13px\u00a0\u00bb box_shadow_color=\u00a0\u00bbrgba(0,0,0,0.14)\u00a0\u00bb box_shadow_style_button=\u00a0\u00bbpreset1&Prime; box_shadow_blur_button=\u00a0\u00bb30px\u00a0\u00bb box_shadow_spread_button=\u00a0\u00bb-8px\u00a0\u00bb global_colors_info=\u00a0\u00bb{}\u00a0\u00bb parent_header_level=\u00a0\u00bbh4&Prime;]<\/p>\n<p><span style=\"font-weight: 400;\">Mon accompagnement se fait avec douceur et bienveillance, afin d\u2019avancer \u00e0 votre rythme.<\/span><\/p>\n<p><span style=\"font-weight: 400;\">Le travail th\u00e9rapeutique se fait \u00e0 deux, accompagn\u00e9.e et accompagnant. Une bonne entente et un <strong>lien de confiance<\/strong> entre les deux favorisent l\u2019alliance th\u00e9rapeutique, et donc le succ\u00e8s du travail th\u00e9rapeutique.<\/span><\/p>\n<p>[\/dsm_flipbox_child][\/dsm_flipbox][\/et_pb_column][et_pb_column type=\u00a0\u00bb1_3&Prime; _builder_version=\u00a0\u00bb4.16&Prime; _module_preset=\u00a0\u00bbdefault\u00a0\u00bb global_colors_info=\u00a0\u00bb{}\u00a0\u00bb][dsm_flipbox flipbox_effect=\u00a0\u00bbleft\u00a0\u00bb flipbox_height=\u00a0\u00bb320px\u00a0\u00bb _builder_version=\u00a0\u00bb4.20.4&Prime; _module_preset=\u00a0\u00bbdefault\u00a0\u00bb header_font=\u00a0\u00bbMontserrat||||||||\u00a0\u00bb content_font=\u00a0\u00bbMontserrat||||||||\u00a0\u00bb subhead_font=\u00a0\u00bbMontserrat||||||||\u00a0\u00bb animation_style=\u00a0\u00bbfade\u00a0\u00bb animation_delay=\u00a0\u00bb450ms\u00a0\u00bb global_colors_info=\u00a0\u00bb{}\u00a0\u00bb][dsm_flipbox_child title=\u00a0\u00bbOuverture\u00a0\u00bb image=\u00a0\u00bbhttps:\/\/www.irinacoyssi.com\/wp-content\/uploads\/2023\/03\/ouverture.png\u00a0\u00bb image_max_width=\u00a0\u00bb17%\u00a0\u00bb button_url_new_window=\u00a0\u00bb1&Prime; _builder_version=\u00a0\u00bb4.20.4&Prime; _module_preset=\u00a0\u00bbdefault\u00a0\u00bb header_level=\u00a0\u00bbh3&Prime; header_font=\u00a0\u00bbForum||||||||\u00a0\u00bb header_text_color=\u00a0\u00bb#D3A863&Prime; header_font_size=\u00a0\u00bb30px\u00a0\u00bb content_font=\u00a0\u00bbMontserrat|700|||||||\u00a0\u00bb content_text_color=\u00a0\u00bb#D3A863&Prime; content_font_size=\u00a0\u00bb18px\u00a0\u00bb subhead_font=\u00a0\u00bb||||||||\u00a0\u00bb subhead_font_size=\u00a0\u00bb12px\u00a0\u00bb background_color=\u00a0\u00bb#0A152E\u00a0\u00bb background_enable_color=\u00a0\u00bbon\u00a0\u00bb background_enable_image=\u00a0\u00bboff\u00a0\u00bb text_orientation=\u00a0\u00bbcenter\u00a0\u00bb border_radii=\u00a0\u00bbon|10px|10px|10px|10px\u00a0\u00bb box_shadow_style=\u00a0\u00bbpreset1&Prime; box_shadow_vertical=\u00a0\u00bb11px\u00a0\u00bb box_shadow_blur=\u00a0\u00bb44px\u00a0\u00bb box_shadow_spread=\u00a0\u00bb-13px\u00a0\u00bb box_shadow_color=\u00a0\u00bbrgba(0,0,0,0.14)\u00a0\u00bb global_colors_info=\u00a0\u00bb{}\u00a0\u00bb parent_header_level=\u00a0\u00bbh4&Prime;][\/dsm_flipbox_child][dsm_flipbox_child title=\u00a0\u00bbOuverture\u00a0\u00bb image_max_width=\u00a0\u00bb40%\u00a0\u00bb button_url_new_window=\u00a0\u00bb1&Prime; _builder_version=\u00a0\u00bb4.20.0&Prime; _module_preset=\u00a0\u00bbdefault\u00a0\u00bb header_font=\u00a0\u00bbMontserrat|700|||||||\u00a0\u00bb header_text_color=\u00a0\u00bb#FFFFFF\u00a0\u00bb content_font=\u00a0\u00bbMontserrat|600|||||||\u00a0\u00bb content_text_color=\u00a0\u00bb#FFFFFF\u00a0\u00bb subhead_font=\u00a0\u00bbMontserrat|600|||on||||\u00a0\u00bb subhead_text_color=\u00a0\u00bb#FFFFFF\u00a0\u00bb subhead_font_size=\u00a0\u00bb15px\u00a0\u00bb background_color=\u00a0\u00bb#D3A863&Prime; background_enable_color=\u00a0\u00bbon\u00a0\u00bb background_enable_image=\u00a0\u00bboff\u00a0\u00bb custom_button=\u00a0\u00bbon\u00a0\u00bb button_text_size=\u00a0\u00bb17px\u00a0\u00bb button_text_color=\u00a0\u00bb#1abc89&Prime; button_bg_color=\u00a0\u00bb#FFFFFF\u00a0\u00bb button_border_width=\u00a0\u00bb0px\u00a0\u00bb button_border_radius=\u00a0\u00bb4px\u00a0\u00bb button_font=\u00a0\u00bbMontserrat|700||on|||||\u00a0\u00bb button_use_icon=\u00a0\u00bbon\u00a0\u00bb button_icon=\u00a0\u00bb%%3%%\u00a0\u00bb button_custom_padding=\u00a0\u00bb9px|30px|9px|30px|true|true\u00a0\u00bb text_orientation=\u00a0\u00bbcenter\u00a0\u00bb custom_padding=\u00a0\u00bb|20px||20px|false|true\u00a0\u00bb border_radii=\u00a0\u00bbon|10px|10px|10px|10px\u00a0\u00bb box_shadow_style=\u00a0\u00bbpreset1&Prime; box_shadow_vertical=\u00a0\u00bb11px\u00a0\u00bb box_shadow_blur=\u00a0\u00bb44px\u00a0\u00bb box_shadow_spread=\u00a0\u00bb-13px\u00a0\u00bb box_shadow_color=\u00a0\u00bbrgba(0,0,0,0.14)\u00a0\u00bb box_shadow_style_button=\u00a0\u00bbpreset1&Prime; box_shadow_blur_button=\u00a0\u00bb30px\u00a0\u00bb box_shadow_spread_button=\u00a0\u00bb-8px\u00a0\u00bb global_colors_info=\u00a0\u00bb{}\u00a0\u00bb parent_header_level=\u00a0\u00bbh4&Prime;]<\/p>\n<p><span style=\"font-weight: 400;\">S\u2019ouvrir au changement est pour moi primordial \u00e0 l\u2019\u00e9volution. Je crois en l\u2019<strong>\u00e9veil des consciences<\/strong> \u2013 qu\u2019actuellement s\u2019op\u00e8re, \u00e0 un niveau plan\u00e9taire, une \u00e9volution de la conscience humaine. Nous serions ainsi invit\u00e9.e.s \u00e0 \u00e9largir notre vision, en travaillant notre rapport \u00e0 nous-m\u00eames, \u00e0 autrui et \u00e0 notre environnement. Moins de jugements h\u00e2tifs et davantage de compassion\u2026<\/span><\/p>\n<p>[\/dsm_flipbox_child][\/dsm_flipbox][\/et_pb_column][\/et_pb_row][\/et_pb_section][et_pb_section fb_built=\u00a0\u00bb1&Prime; _builder_version=\u00a0\u00bb4.19.5&Prime; _module_preset=\u00a0\u00bbdefault\u00a0\u00bb min_height=\u00a0\u00bb643.9px\u00a0\u00bb custom_margin=\u00a0\u00bb-44px|||||\u00a0\u00bb da_disable_devices=\u00a0\u00bboff|off|off\u00a0\u00bb global_colors_info=\u00a0\u00bb{}\u00a0\u00bb da_is_popup=\u00a0\u00bboff\u00a0\u00bb da_exit_intent=\u00a0\u00bboff\u00a0\u00bb da_has_close=\u00a0\u00bbon\u00a0\u00bb da_alt_close=\u00a0\u00bboff\u00a0\u00bb da_dark_close=\u00a0\u00bboff\u00a0\u00bb da_not_modal=\u00a0\u00bbon\u00a0\u00bb da_is_singular=\u00a0\u00bboff\u00a0\u00bb da_with_loader=\u00a0\u00bboff\u00a0\u00bb da_has_shadow=\u00a0\u00bbon\u00a0\u00bb][et_pb_row column_structure=\u00a0\u00bb1_3,2_3&Prime; make_equal=\u00a0\u00bbon\u00a0\u00bb _builder_version=\u00a0\u00bb4.20.0&Prime; _module_preset=\u00a0\u00bbdefault\u00a0\u00bb max_width=\u00a0\u00bb1208px\u00a0\u00bb global_colors_info=\u00a0\u00bb{}\u00a0\u00bb][et_pb_column type=\u00a0\u00bb1_3&Prime; _builder_version=\u00a0\u00bb4.19.5&Prime; _module_preset=\u00a0\u00bbdefault\u00a0\u00bb global_colors_info=\u00a0\u00bb{}\u00a0\u00bb][et_pb_image src=\u00a0\u00bbhttps:\/\/www.irinacoyssi.com\/wp-content\/uploads\/2023\/01\/IMG_0055-scaled.jpg\u00a0\u00bb title_text=\u00a0\u00bbIMG_0055&Prime; _builder_version=\u00a0\u00bb4.21.2&Prime; _module_preset=\u00a0\u00bbdefault\u00a0\u00bb animation_style=\u00a0\u00bbfade\u00a0\u00bb animation_delay=\u00a0\u00bb100ms\u00a0\u00bb global_colors_info=\u00a0\u00bb{}\u00a0\u00bb][\/et_pb_image][\/et_pb_column][et_pb_column type=\u00a0\u00bb2_3&Prime; _builder_version=\u00a0\u00bb4.19.5&Prime; _module_preset=\u00a0\u00bbdefault\u00a0\u00bb global_colors_info=\u00a0\u00bb{}\u00a0\u00bb][et_pb_text _builder_version=\u00a0\u00bb4.27.4&Prime; _module_preset=\u00a0\u00bbdefault\u00a0\u00bb text_font=\u00a0\u00bb||||||||\u00a0\u00bb text_font_size=\u00a0\u00bb16px\u00a0\u00bb text_line_height=\u00a0\u00bb1.8em\u00a0\u00bb custom_margin=\u00a0\u00bb-1px||-4px||false|true\u00a0\u00bb custom_margin_tablet=\u00a0\u00bb|5%||5%|false|true\u00a0\u00bb custom_margin_phone=\u00a0\u00bb|5%||5%|false|true\u00a0\u00bb custom_margin_last_edited=\u00a0\u00bbon|desktop\u00a0\u00bb custom_padding=\u00a0\u00bb0px|||||\u00a0\u00bb animation_style=\u00a0\u00bbfade\u00a0\u00bb animation_delay=\u00a0\u00bb250ms\u00a0\u00bb global_colors_info=\u00a0\u00bb{}\u00a0\u00bb]<\/p>\n<h2 style=\"text-align: left;\"><span style=\"font-weight: 400;\">Mon parcours de formation<\/span><\/h2>\n<ul><\/ul>\n<p>[\/et_pb_text][dsm_icon_list icon_color=\u00a0\u00bb#D3A863&Prime; icon_background_color=\u00a0\u00bbRGBA(255,255,255,0)\u00a0\u00bb icon_font_size=\u00a0\u00bb17px\u00a0\u00bb list_padding=\u00a0\u00bb10px||||false|false\u00a0\u00bb text_indent=\u00a0\u00bb25px\u00a0\u00bb _builder_version=\u00a0\u00bb4.27.3&Prime; _module_preset=\u00a0\u00bbdefault\u00a0\u00bb text_line_height=\u00a0\u00bb1.3em\u00a0\u00bb custom_margin=\u00a0\u00bb0px||0px||false|false\u00a0\u00bb animation_style=\u00a0\u00bbfade\u00a0\u00bb animation_delay=\u00a0\u00bb600ms\u00a0\u00bb global_colors_info=\u00a0\u00bb{}\u00a0\u00bb][dsm_icon_list_child text=\u00a0\u00bbFormation d&rsquo;enseignante 1er Dan en Reiki Usui &#038; Arc-en-ciel (380h) avec Christa Marti\u00a0\u00bb _builder_version=\u00a0\u00bb4.27.3&Prime; _module_preset=\u00a0\u00bbdefault\u00a0\u00bb global_colors_info=\u00a0\u00bb{}\u00a0\u00bb][\/dsm_icon_list_child][\/dsm_icon_list][dsm_icon_list icon_color=\u00a0\u00bb#D3A863&Prime; icon_background_color=\u00a0\u00bbRGBA(255,255,255,0)\u00a0\u00bb icon_font_size=\u00a0\u00bb17px\u00a0\u00bb list_padding=\u00a0\u00bb10px||||false|false\u00a0\u00bb text_indent=\u00a0\u00bb25px\u00a0\u00bb _builder_version=\u00a0\u00bb4.27.3&Prime; _module_preset=\u00a0\u00bbdefault\u00a0\u00bb text_line_height=\u00a0\u00bb1.3em\u00a0\u00bb custom_margin=\u00a0\u00bb0px||0px||false|false\u00a0\u00bb animation_style=\u00a0\u00bbfade\u00a0\u00bb animation_delay=\u00a0\u00bb600ms\u00a0\u00bb global_colors_info=\u00a0\u00bb{}\u00a0\u00bb][dsm_icon_list_child text=\u00a0\u00bbFormation de Ma\u00eetre Praticienne en Reiki Usui &#038; Arc-en-ciel (350 h) avec Christa Marti (comprenant les 207h de la formation de Praticienne\u00a0\u00bb _builder_version=\u00a0\u00bb4.27.3&Prime; _module_preset=\u00a0\u00bbdefault\u00a0\u00bb global_colors_info=\u00a0\u00bb{}\u00a0\u00bb][\/dsm_icon_list_child][\/dsm_icon_list][dsm_icon_list icon_color=\u00a0\u00bb#D3A863&Prime; icon_background_color=\u00a0\u00bbRGBA(255,255,255,0)\u00a0\u00bb icon_font_size=\u00a0\u00bb17px\u00a0\u00bb list_padding=\u00a0\u00bb10px||||false|false\u00a0\u00bb text_indent=\u00a0\u00bb25px\u00a0\u00bb _builder_version=\u00a0\u00bb4.21.2&Prime; _module_preset=\u00a0\u00bbdefault\u00a0\u00bb text_line_height=\u00a0\u00bb1.3em\u00a0\u00bb custom_margin=\u00a0\u00bb0px||0px||false|false\u00a0\u00bb animation_style=\u00a0\u00bbfade\u00a0\u00bb animation_delay=\u00a0\u00bb450ms\u00a0\u00bb global_colors_info=\u00a0\u00bb{}\u00a0\u00bb][dsm_icon_list_child text=\u00a0\u00bbFormation de Praticienne en Reiki Usui &#038; Arc-en-ciel (207 h) avec Christa Marti\u00a0\u00bb _builder_version=\u00a0\u00bb4.21.2&Prime; _module_preset=\u00a0\u00bbdefault\u00a0\u00bb global_colors_info=\u00a0\u00bb{}\u00a0\u00bb][\/dsm_icon_list_child][\/dsm_icon_list][dsm_icon_list icon_color=\u00a0\u00bb#D3A863&Prime; icon_background_color=\u00a0\u00bbRGBA(255,255,255,0)\u00a0\u00bb icon_font_size=\u00a0\u00bb17px\u00a0\u00bb list_padding=\u00a0\u00bb10px||||false|false\u00a0\u00bb text_indent=\u00a0\u00bb25px\u00a0\u00bb _builder_version=\u00a0\u00bb4.21.2&Prime; _module_preset=\u00a0\u00bbdefault\u00a0\u00bb text_line_height=\u00a0\u00bb1.3em\u00a0\u00bb custom_margin=\u00a0\u00bb0px||0px||false|false\u00a0\u00bb animation_style=\u00a0\u00bbfade\u00a0\u00bb animation_delay=\u00a0\u00bb750ms\u00a0\u00bb global_colors_info=\u00a0\u00bb{}\u00a0\u00bb][dsm_icon_list_child text=\u00a0\u00bbStage de Channeling avec Walter L\u00fcbeck\u00a0\u00bb _builder_version=\u00a0\u00bb4.21.2&Prime; _module_preset=\u00a0\u00bbdefault\u00a0\u00bb global_colors_info=\u00a0\u00bb{}\u00a0\u00bb][\/dsm_icon_list_child][\/dsm_icon_list][dsm_icon_list icon_color=\u00a0\u00bb#D3A863&Prime; icon_background_color=\u00a0\u00bbRGBA(255,255,255,0)\u00a0\u00bb icon_font_size=\u00a0\u00bb17px\u00a0\u00bb list_padding=\u00a0\u00bb10px||||false|false\u00a0\u00bb text_indent=\u00a0\u00bb25px\u00a0\u00bb _builder_version=\u00a0\u00bb4.27.3&Prime; _module_preset=\u00a0\u00bbdefault\u00a0\u00bb text_line_height=\u00a0\u00bb1.3em\u00a0\u00bb custom_margin=\u00a0\u00bb0px||0px||false|false\u00a0\u00bb animation_style=\u00a0\u00bbfade\u00a0\u00bb animation_delay=\u00a0\u00bb750ms\u00a0\u00bb global_colors_info=\u00a0\u00bb{}\u00a0\u00bb][dsm_icon_list_child text=\u00a0\u00bbStages d&rsquo;introduction \u00e0 la PNL spirituelle avec Christa Marti\u00a0\u00bb _builder_version=\u00a0\u00bb4.27.3&Prime; _module_preset=\u00a0\u00bbdefault\u00a0\u00bb global_colors_info=\u00a0\u00bb{}\u00a0\u00bb][\/dsm_icon_list_child][\/dsm_icon_list][dsm_icon_list icon_color=\u00a0\u00bb#D3A863&Prime; icon_background_color=\u00a0\u00bbRGBA(255,255,255,0)\u00a0\u00bb icon_font_size=\u00a0\u00bb17px\u00a0\u00bb list_padding=\u00a0\u00bb10px||||false|false\u00a0\u00bb text_indent=\u00a0\u00bb25px\u00a0\u00bb _builder_version=\u00a0\u00bb4.27.0&Prime; _module_preset=\u00a0\u00bbdefault\u00a0\u00bb text_line_height=\u00a0\u00bb1.3em\u00a0\u00bb custom_margin=\u00a0\u00bb0px||0px||false|false\u00a0\u00bb animation_style=\u00a0\u00bbfade\u00a0\u00bb animation_delay=\u00a0\u00bb750ms\u00a0\u00bb global_colors_info=\u00a0\u00bb{}\u00a0\u00bb][dsm_icon_list_child text=\u00a0\u00bbStages de Reiki Arc-en-ciel avec Christa Marti : Astroth\u00e9rapie, Cartes des chakras, Travail sur le corps de lumi\u00e8re\u00a0\u00bb _builder_version=\u00a0\u00bb4.27.0&Prime; _module_preset=\u00a0\u00bbdefault\u00a0\u00bb global_colors_info=\u00a0\u00bb{}\u00a0\u00bb][\/dsm_icon_list_child][\/dsm_icon_list][dsm_icon_list icon_color=\u00a0\u00bb#D3A863&Prime; icon_background_color=\u00a0\u00bbRGBA(255,255,255,0)\u00a0\u00bb icon_font_size=\u00a0\u00bb17px\u00a0\u00bb list_padding=\u00a0\u00bb10px||||false|false\u00a0\u00bb text_indent=\u00a0\u00bb25px\u00a0\u00bb _builder_version=\u00a0\u00bb4.20.4&Prime; _module_preset=\u00a0\u00bbdefault\u00a0\u00bb text_line_height=\u00a0\u00bb1.3em\u00a0\u00bb custom_margin=\u00a0\u00bb0px||0px||false|false\u00a0\u00bb animation_style=\u00a0\u00bbfade\u00a0\u00bb animation_delay=\u00a0\u00bb750ms\u00a0\u00bb global_colors_info=\u00a0\u00bb{}\u00a0\u00bb][dsm_icon_list_child text=\u00a0\u00bbEFT 1 \u00e0 l\u2019IFPEC avec Jean-Michel Gurret (27 h)\u00a0\u00bb _builder_version=\u00a0\u00bb4.19.5&Prime; _module_preset=\u00a0\u00bbdefault\u00a0\u00bb global_colors_info=\u00a0\u00bb{}\u00a0\u00bb][\/dsm_icon_list_child][\/dsm_icon_list][dsm_icon_list icon_color=\u00a0\u00bb#D3A863&Prime; icon_background_color=\u00a0\u00bbRGBA(255,255,255,0)\u00a0\u00bb icon_font_size=\u00a0\u00bb17px\u00a0\u00bb list_padding=\u00a0\u00bb10px||||false|false\u00a0\u00bb text_indent=\u00a0\u00bb25px\u00a0\u00bb _builder_version=\u00a0\u00bb4.20.4&Prime; _module_preset=\u00a0\u00bbdefault\u00a0\u00bb text_line_height=\u00a0\u00bb1.3em\u00a0\u00bb custom_margin=\u00a0\u00bb0px||0px||false|false\u00a0\u00bb animation_style=\u00a0\u00bbfade\u00a0\u00bb animation_delay=\u00a0\u00bb900ms\u00a0\u00bb global_colors_info=\u00a0\u00bb{}\u00a0\u00bb][dsm_icon_list_child text=\u00a0\u00bbCours en ligne \u00ab\u2009Compassionate Inquiry Self-Study Short Course\u2009\u00bb avec Gabor Mat\u00e9 (20 h)\u00a0\u00bb _builder_version=\u00a0\u00bb4.19.5&Prime; _module_preset=\u00a0\u00bbdefault\u00a0\u00bb global_colors_info=\u00a0\u00bb{}\u00a0\u00bb][\/dsm_icon_list_child][\/dsm_icon_list][dsm_icon_list icon_color=\u00a0\u00bb#D3A863&Prime; icon_background_color=\u00a0\u00bbRGBA(255,255,255,0)\u00a0\u00bb icon_font_size=\u00a0\u00bb17px\u00a0\u00bb list_padding=\u00a0\u00bb10px||||false|false\u00a0\u00bb text_indent=\u00a0\u00bb25px\u00a0\u00bb _builder_version=\u00a0\u00bb4.20.4&Prime; _module_preset=\u00a0\u00bbdefault\u00a0\u00bb text_line_height=\u00a0\u00bb1.3em\u00a0\u00bb custom_margin=\u00a0\u00bb0px||0px||false|false\u00a0\u00bb animation_style=\u00a0\u00bbfade\u00a0\u00bb animation_delay=\u00a0\u00bb300ms\u00a0\u00bb global_colors_info=\u00a0\u00bb{}\u00a0\u00bb][dsm_icon_list_child text=\u00a0\u00bbMaster de Physique et Philosophie \u00e0 l\u2019Universit\u00e9 d\u2019York, Royaume-Uni (\u00e9quivalent de Bachelor + Master, 4 ans d\u2019\u00e9tudes)\u00a0\u00bb _builder_version=\u00a0\u00bb4.20.4&Prime; _module_preset=\u00a0\u00bbdefault\u00a0\u00bb global_colors_info=\u00a0\u00bb{}\u00a0\u00bb][\/dsm_icon_list_child][\/dsm_icon_list][\/et_pb_column][\/et_pb_row][\/et_pb_section][et_pb_section fb_built=\u00a0\u00bb1&Prime; _builder_version=\u00a0\u00bb4.20.4&Prime; _module_preset=\u00a0\u00bbdefault\u00a0\u00bb background_color=\u00a0\u00bb#FFF5EE\u00a0\u00bb custom_padding=\u00a0\u00bb30px||2px|||\u00a0\u00bb animation_style=\u00a0\u00bbfade\u00a0\u00bb da_disable_devices=\u00a0\u00bboff|off|off\u00a0\u00bb global_colors_info=\u00a0\u00bb{}\u00a0\u00bb da_is_popup=\u00a0\u00bboff\u00a0\u00bb da_exit_intent=\u00a0\u00bboff\u00a0\u00bb da_has_close=\u00a0\u00bbon\u00a0\u00bb da_alt_close=\u00a0\u00bboff\u00a0\u00bb da_dark_close=\u00a0\u00bboff\u00a0\u00bb da_not_modal=\u00a0\u00bbon\u00a0\u00bb da_is_singular=\u00a0\u00bboff\u00a0\u00bb da_with_loader=\u00a0\u00bboff\u00a0\u00bb da_has_shadow=\u00a0\u00bbon\u00a0\u00bb][et_pb_row _builder_version=\u00a0\u00bb4.19.5&Prime; _module_preset=\u00a0\u00bbdefault\u00a0\u00bb custom_margin=\u00a0\u00bb-7px|auto||auto||\u00a0\u00bb global_colors_info=\u00a0\u00bb{}\u00a0\u00bb][et_pb_column type=\u00a0\u00bb4_4&Prime; _builder_version=\u00a0\u00bb4.19.5&Prime; _module_preset=\u00a0\u00bbdefault\u00a0\u00bb global_colors_info=\u00a0\u00bb{}\u00a0\u00bb][et_pb_text _builder_version=\u00a0\u00bb4.20.4&Prime; text_font=\u00a0\u00bb||||||||\u00a0\u00bb text_font_size=\u00a0\u00bb16px\u00a0\u00bb text_line_height=\u00a0\u00bb1.8em\u00a0\u00bb custom_margin=\u00a0\u00bb-1px||-4px||false|true\u00a0\u00bb custom_margin_tablet=\u00a0\u00bb|5%||5%|false|true\u00a0\u00bb custom_margin_phone=\u00a0\u00bb|5%||5%|false|true\u00a0\u00bb custom_margin_last_edited=\u00a0\u00bbon|desktop\u00a0\u00bb custom_padding=\u00a0\u00bb0px|||||\u00a0\u00bb animation_style=\u00a0\u00bbfade\u00a0\u00bb animation_delay=\u00a0\u00bb250ms\u00a0\u00bb global_colors_info=\u00a0\u00bb{}\u00a0\u00bb]<\/p>\n<h2 style=\"text-align: center;\">Un r\u00eave pour l\u2019humanit\u00e9<\/h2>\n<p>[\/et_pb_text][\/et_pb_column][\/et_pb_row][\/et_pb_section][et_pb_section fb_built=\u00a0\u00bb1&Prime; _builder_version=\u00a0\u00bb4.20.0&Prime; _module_preset=\u00a0\u00bbdefault\u00a0\u00bb background_color=\u00a0\u00bb#FFF5EE\u00a0\u00bb custom_margin=\u00a0\u00bb||||false|false\u00a0\u00bb custom_padding=\u00a0\u00bb20px||20px||true|false\u00a0\u00bb da_disable_devices=\u00a0\u00bboff|off|off\u00a0\u00bb global_colors_info=\u00a0\u00bb{}\u00a0\u00bb da_is_popup=\u00a0\u00bboff\u00a0\u00bb da_exit_intent=\u00a0\u00bboff\u00a0\u00bb da_has_close=\u00a0\u00bbon\u00a0\u00bb da_alt_close=\u00a0\u00bboff\u00a0\u00bb da_dark_close=\u00a0\u00bboff\u00a0\u00bb da_not_modal=\u00a0\u00bbon\u00a0\u00bb da_is_singular=\u00a0\u00bboff\u00a0\u00bb da_with_loader=\u00a0\u00bboff\u00a0\u00bb da_has_shadow=\u00a0\u00bbon\u00a0\u00bb][et_pb_row _builder_version=\u00a0\u00bb4.20.4&Prime; _module_preset=\u00a0\u00bbdefault\u00a0\u00bb animation_style=\u00a0\u00bbfade\u00a0\u00bb animation_delay=\u00a0\u00bb300ms\u00a0\u00bb global_colors_info=\u00a0\u00bb{}\u00a0\u00bb][et_pb_column type=\u00a0\u00bb4_4&Prime; _builder_version=\u00a0\u00bb4.20.0&Prime; _module_preset=\u00a0\u00bbdefault\u00a0\u00bb global_colors_info=\u00a0\u00bb{}\u00a0\u00bb][et_pb_icon font_icon=\u00a0\u00bb&#xe06a;||divi||400&Prime; icon_color=\u00a0\u00bb#D3A863&Prime; icon_width=\u00a0\u00bb50px\u00a0\u00bb _builder_version=\u00a0\u00bb4.20.0&Prime; _module_preset=\u00a0\u00bbdefault\u00a0\u00bb global_colors_info=\u00a0\u00bb{}\u00a0\u00bb][\/et_pb_icon][et_pb_text _builder_version=\u00a0\u00bb4.20.0&Prime; _module_preset=\u00a0\u00bbdefault\u00a0\u00bb text_font_size=\u00a0\u00bb35px\u00a0\u00bb text_line_height=\u00a0\u00bb1em\u00a0\u00bb width=\u00a0\u00bb100%\u00a0\u00bb max_width=\u00a0\u00bb100%\u00a0\u00bb custom_margin=\u00a0\u00bb||19px|||\u00a0\u00bb global_colors_info=\u00a0\u00bb{}\u00a0\u00bb]<\/p>\n<p style=\"text-align: center;\"><i><span style=\"font-weight: 400;\">Sois le changement que tu veux voir dans le monde.<\/span><\/i><\/p>\n<p>[\/et_pb_text][et_pb_text _builder_version=\u00a0\u00bb4.20.0&Prime; _module_preset=\u00a0\u00bbdefault\u00a0\u00bb text_font=\u00a0\u00bbForum||||||||\u00a0\u00bb text_text_color=\u00a0\u00bb#D3A863&Prime; text_font_size=\u00a0\u00bb26px\u00a0\u00bb global_colors_info=\u00a0\u00bb{}\u00a0\u00bb]<\/p>\n<p style=\"text-align: center;\"><span style=\"font-weight: 400;\">Gandhi<\/span><\/p>\n<p>[\/et_pb_text][\/et_pb_column][\/et_pb_row][\/et_pb_section][et_pb_section fb_built=\u00a0\u00bb1&Prime; admin_label=\u00a0\u00bbAbout\u00a0\u00bb _builder_version=\u00a0\u00bb4.20.4&Prime; _module_preset=\u00a0\u00bbdefault\u00a0\u00bb background_enable_color=\u00a0\u00bboff\u00a0\u00bb use_background_color_gradient=\u00a0\u00bbon\u00a0\u00bb background_color_gradient_stops=\u00a0\u00bb#fff5ee 0%|rgba(10,21,46,0.69) 100%\u00a0\u00bb background_color_gradient_overlays_image=\u00a0\u00bbon\u00a0\u00bb background_image=\u00a0\u00bbhttps:\/\/www.irinacoyssi.com\/wp-content\/uploads\/2023\/03\/IMG_0021-2-scaled.jpg\u00a0\u00bb parallax=\u00a0\u00bbon\u00a0\u00bb custom_padding=\u00a0\u00bb23px||55px||false|false\u00a0\u00bb animation_style=\u00a0\u00bbfade\u00a0\u00bb da_disable_devices=\u00a0\u00bboff|off|off\u00a0\u00bb collapsed=\u00a0\u00bboff\u00a0\u00bb global_colors_info=\u00a0\u00bb{}\u00a0\u00bb da_is_popup=\u00a0\u00bboff\u00a0\u00bb da_exit_intent=\u00a0\u00bboff\u00a0\u00bb da_has_close=\u00a0\u00bbon\u00a0\u00bb da_alt_close=\u00a0\u00bboff\u00a0\u00bb da_dark_close=\u00a0\u00bboff\u00a0\u00bb da_not_modal=\u00a0\u00bbon\u00a0\u00bb da_is_singular=\u00a0\u00bboff\u00a0\u00bb da_with_loader=\u00a0\u00bboff\u00a0\u00bb da_has_shadow=\u00a0\u00bbon\u00a0\u00bb][et_pb_row make_equal=\u00a0\u00bbon\u00a0\u00bb _builder_version=\u00a0\u00bb4.20.0&Prime; _module_preset=\u00a0\u00bbdefault\u00a0\u00bb custom_padding=\u00a0\u00bb0px||0px||true|false\u00a0\u00bb global_colors_info=\u00a0\u00bb{}\u00a0\u00bb][et_pb_column type=\u00a0\u00bb4_4&Prime; _builder_version=\u00a0\u00bb4.17.4&Prime; _module_preset=\u00a0\u00bbdefault\u00a0\u00bb global_colors_info=\u00a0\u00bb{}\u00a0\u00bb][et_pb_accordion open_toggle_text_color=\u00a0\u00bb#D3A863&Prime; open_toggle_background_color=\u00a0\u00bb#0A152E\u00a0\u00bb closed_toggle_text_color=\u00a0\u00bb#D3A863&Prime; closed_toggle_background_color=\u00a0\u00bb#0A152E\u00a0\u00bb icon_color=\u00a0\u00bb#D3A863&Prime; _builder_version=\u00a0\u00bb4.20.4&Prime; toggle_text_color=\u00a0\u00bb#D3A863&Prime; toggle_font=\u00a0\u00bbForum||||||||\u00a0\u00bb toggle_font_size=\u00a0\u00bb24px\u00a0\u00bb toggle_line_height=\u00a0\u00bb1.6em\u00a0\u00bb body_font=\u00a0\u00bbMontserrat|500|||||||\u00a0\u00bb body_text_color=\u00a0\u00bb#FFFFFF\u00a0\u00bb body_font_size=\u00a0\u00bb16px\u00a0\u00bb body_line_height=\u00a0\u00bb1.8em\u00a0\u00bb max_width=\u00a0\u00bb71%\u00a0\u00bb module_alignment=\u00a0\u00bbcenter\u00a0\u00bb custom_margin=\u00a0\u00bb||||true|false\u00a0\u00bb animation_style=\u00a0\u00bbfade\u00a0\u00bb animation_direction=\u00a0\u00bbtop\u00a0\u00bb animation_delay=\u00a0\u00bb150ms\u00a0\u00bb border_radii=\u00a0\u00bbon|10px|10px|10px|10px\u00a0\u00bb border_width_all=\u00a0\u00bb0px\u00a0\u00bb box_shadow_style=\u00a0\u00bbpreset2&Prime; box_shadow_blur=\u00a0\u00bb10px\u00a0\u00bb locked=\u00a0\u00bboff\u00a0\u00bb global_colors_info=\u00a0\u00bb{}\u00a0\u00bb][et_pb_accordion_item title=\u00a0\u00bbDe la r\u00e9volte\u2026\u00a0\u00bb open=\u00a0\u00bbon\u00a0\u00bb _builder_version=\u00a0\u00bb4.20.0&Prime; global_colors_info=\u00a0\u00bb{}\u00a0\u00bb]<\/p>\n<p><span style=\"font-weight: 400;\">Insurg\u00e9e depuis le plus jeune \u00e2ge par les valeurs de nos soci\u00e9t\u00e9s occidentales, entre <strong>injustices sociales et destruction de notre plan\u00e8te<\/strong>, m\u2019est venue l\u2019id\u00e9e de contribuer \u00e0 la cr\u00e9ation d\u2019un monde qui m\u2019inspirait davantage. Un <strong>Nouveau Monde<\/strong> bas\u00e9 sur des valeurs d\u2019amour, d\u2019entraide, de bienveillance, de compassion et de respect envers chaque \u00eatre vivant.<\/span><\/p>\n<p>[\/et_pb_accordion_item][et_pb_accordion_item title=\u00a0\u00bb\u2026 \u00e0 la paix int\u00e9rieure\u00a0\u00bb _builder_version=\u00a0\u00bb4.20.4&Prime; _module_preset=\u00a0\u00bbdefault\u00a0\u00bb global_colors_info=\u00a0\u00bb{}\u00a0\u00bb open=\u00a0\u00bboff\u00a0\u00bb]<\/p>\n<p><span style=\"font-weight: 400;\">Gr\u00e2ce \u00e0 mon parcours de sant\u00e9, j\u2019ai compris que la maladie pouvait \u00eatre appr\u00e9hend\u00e9e comme un <strong>message du corps<\/strong>. Une fa\u00e7on de tirer la sonnette d\u2019alarme (le \u00ab mal a dit \u00bb) chaque fois que l\u2019on manque d\u2019alignement, que l\u2019on s\u2019\u00e9loigne de notre mission de vie. Chaque douleur, chaque difficult\u00e9, rec\u00e8le un sens profond sur le plan spirituel.<\/span><\/p>\n<p><span style=\"font-weight: 400;\">En pansant nos blessures personnelles et en apprenant \u00e0 danser avec nos ombres, un <strong>\u00e9quilibre int\u00e9rieur<\/strong> s\u2019installe dans le corps, l\u2019\u00e2me et l\u2019esprit. C\u2019est ainsi que nous pouvons retrouver un bien-\u00eatre durable.<\/span><\/p>\n<p>[\/et_pb_accordion_item][et_pb_accordion_item title=\u00a0\u00bbL\u2019illusion de la s\u00e9paration\u00a0\u00bb _builder_version=\u00a0\u00bb4.20.0&Prime; _module_preset=\u00a0\u00bbdefault\u00a0\u00bb global_colors_info=\u00a0\u00bb{}\u00a0\u00bb open=\u00a0\u00bboff\u00a0\u00bb]<\/p>\n<p><span style=\"font-weight: 400;\">Dans ma vision, c\u2019est dans ces moments d\u2019alignement et de coh\u00e9rence que tout devient possible : n\u2019\u00e9tant plus prisonnier de ses sch\u00e9mas inconscients, on devient alors <strong>ma\u00eetre de sa vie<\/strong>, et on peut ainsi l\u2019incarner pleinement, comme on l\u2019entend.<\/span><\/p>\n<p><span style=\"font-weight: 400;\">C\u2019est un travail subtil et profond qui nous reconnecte \u00e0 notre puissance int\u00e9rieure.\u00a0<\/span><\/p>\n<p><span style=\"font-weight: 400;\">La <strong>reconnexion<\/strong> s\u2019op\u00e8re en soi (<strong>verticalement<\/strong>), mais aussi entre soi et l\u2019environnement qui nous entoure : les autres \u00eatres humains, les \u00eatres vivants et la nature (<strong>horizontalement<\/strong>).<\/span><\/p>\n<p><span style=\"font-size: 16px;\">Ainsi, chacun d\u2019entre nous, en prenant la responsabilit\u00e9 de sa gu\u00e9rison personnelle, contribue \u00e9galement \u00e0 gu\u00e9rir le monde.<\/span><\/p>\n<p>[\/et_pb_accordion_item][\/et_pb_accordion][\/et_pb_column][\/et_pb_row][\/et_pb_section][et_pb_section fb_built=\u00a0\u00bb1&Prime; _builder_version=\u00a0\u00bb4.20.4&Prime; _module_preset=\u00a0\u00bbdefault\u00a0\u00bb background_color=\u00a0\u00bb#FFF5EE\u00a0\u00bb custom_margin=\u00a0\u00bb||||true|false\u00a0\u00bb custom_padding=\u00a0\u00bb15px||15px||true|false\u00a0\u00bb da_disable_devices=\u00a0\u00bboff|off|off\u00a0\u00bb global_colors_info=\u00a0\u00bb{}\u00a0\u00bb da_is_popup=\u00a0\u00bboff\u00a0\u00bb da_exit_intent=\u00a0\u00bboff\u00a0\u00bb da_has_close=\u00a0\u00bbon\u00a0\u00bb da_alt_close=\u00a0\u00bboff\u00a0\u00bb da_dark_close=\u00a0\u00bboff\u00a0\u00bb da_not_modal=\u00a0\u00bbon\u00a0\u00bb da_is_singular=\u00a0\u00bboff\u00a0\u00bb da_with_loader=\u00a0\u00bboff\u00a0\u00bb da_has_shadow=\u00a0\u00bbon\u00a0\u00bb][et_pb_row _builder_version=\u00a0\u00bb4.20.4&Prime; _module_preset=\u00a0\u00bbdefault\u00a0\u00bb max_width=\u00a0\u00bb1400px\u00a0\u00bb global_colors_info=\u00a0\u00bb{}\u00a0\u00bb][et_pb_column type=\u00a0\u00bb4_4&Prime; _builder_version=\u00a0\u00bb4.20.4&Prime; _module_preset=\u00a0\u00bbdefault\u00a0\u00bb global_colors_info=\u00a0\u00bb{}\u00a0\u00bb][et_pb_text _builder_version=\u00a0\u00bb4.27.3&Prime; _module_preset=\u00a0\u00bbdefault\u00a0\u00bb custom_margin=\u00a0\u00bb||20px||false|false\u00a0\u00bb animation_style=\u00a0\u00bbfade\u00a0\u00bb animation_delay=\u00a0\u00bb100ms\u00a0\u00bb global_colors_info=\u00a0\u00bb{}\u00a0\u00bb]<\/p>\n<h2 style=\"text-align: center;\"><span>Pr\u00eats \u00e0 connecter avec moi ?<\/span><\/h2>\n<p style=\"text-align: center;\">Rejoignez ma communaut\u00e9 sur Instagram <a href=\"https:\/\/www.instagram.com\/holistic_irina\/\">@holistic_irina<\/a><\/p>\n<p style=\"text-align: center;\">Je vous y partage mes r\u00e9flexions du jour, des sourires, des projets, les dates de stages, et plein d&rsquo;autres surprises !<\/p>\n<p>[\/et_pb_text][et_pb_button button_url=\u00a0\u00bbhttps:\/\/www.instagram.com\/holistic_irina\/\u00a0\u00bb button_text=\u00a0\u00bbMon univers\u00a0\u00bb button_alignment=\u00a0\u00bbcenter\u00a0\u00bb _builder_version=\u00a0\u00bb4.20.4&Prime; _module_preset=\u00a0\u00bbdefault\u00a0\u00bb custom_margin=\u00a0\u00bb||||false|false\u00a0\u00bb animation_style=\u00a0\u00bbfade\u00a0\u00bb animation_delay=\u00a0\u00bb250ms\u00a0\u00bb global_colors_info=\u00a0\u00bb{}\u00a0\u00bb][\/et_pb_button][\/et_pb_column][\/et_pb_row][\/et_pb_section][et_pb_section fb_built=\u00a0\u00bb1&Prime; fullwidth=\u00a0\u00bbon\u00a0\u00bb _builder_version=\u00a0\u00bb4.20.4&Prime; _module_preset=\u00a0\u00bbdefault\u00a0\u00bb da_disable_devices=\u00a0\u00bboff|off|off\u00a0\u00bb global_colors_info=\u00a0\u00bb{}\u00a0\u00bb da_is_popup=\u00a0\u00bboff\u00a0\u00bb da_exit_intent=\u00a0\u00bboff\u00a0\u00bb da_has_close=\u00a0\u00bbon\u00a0\u00bb da_alt_close=\u00a0\u00bboff\u00a0\u00bb da_dark_close=\u00a0\u00bboff\u00a0\u00bb da_not_modal=\u00a0\u00bbon\u00a0\u00bb da_is_singular=\u00a0\u00bboff\u00a0\u00bb da_with_loader=\u00a0\u00bboff\u00a0\u00bb da_has_shadow=\u00a0\u00bbon\u00a0\u00bb][et_pb_fullwidth_code _builder_version=\u00a0\u00bb4.27.0&Prime; _module_preset=\u00a0\u00bbdefault\u00a0\u00bb animation_style=\u00a0\u00bbfade\u00a0\u00bb animation_delay=\u00a0\u00bb150ms\u00a0\u00bb global_colors_info=\u00a0\u00bb{}\u00a0\u00bb]        <div\n            class=\"spotlight-instagram-feed\"\n            data-feed-var=\"5a3dcb0b\"\n            data-analytics=\"0\"\n            data-instance=\"451\"\n        >\n        <\/div>\n        <input type=\"hidden\" id=\"sli__f__5a3dcb0b\" data-json='{&quot;useCase&quot;:&quot;accounts&quot;,&quot;template&quot;:&quot;row&quot;,&quot;layout&quot;:&quot;grid&quot;,&quot;numColumns&quot;:{&quot;desktop&quot;:6,&quot;phone&quot;:3,&quot;tablet&quot;:5},&quot;highlightFreq&quot;:{&quot;desktop&quot;:7},&quot;sliderNumScrollPosts&quot;:{&quot;desktop&quot;:1},&quot;sliderInfinite&quot;:true,&quot;sliderLoop&quot;:false,&quot;sliderArrowPos&quot;:{&quot;desktop&quot;:&quot;inside&quot;},&quot;sliderArrowSize&quot;:{&quot;desktop&quot;:20},&quot;sliderArrowColor&quot;:{&quot;r&quot;:255,&quot;b&quot;:255,&quot;g&quot;:255,&quot;a&quot;:1},&quot;sliderArrowBgColor&quot;:{&quot;r&quot;:0,&quot;b&quot;:0,&quot;g&quot;:0,&quot;a&quot;:0.8000000000000000444089209850062616169452667236328125},&quot;sliderAutoScroll&quot;:false,&quot;sliderAutoInterval&quot;:3,&quot;postOrder&quot;:&quot;date_desc&quot;,&quot;numPosts&quot;:{&quot;desktop&quot;:6,&quot;phone&quot;:9,&quot;tablet&quot;:5},&quot;linkBehavior&quot;:{&quot;desktop&quot;:&quot;lightbox&quot;},&quot;feedWidth&quot;:{&quot;desktop&quot;:0},&quot;feedHeight&quot;:{&quot;desktop&quot;:0},&quot;feedPadding&quot;:{&quot;desktop&quot;:0,&quot;tablet&quot;:0,&quot;phone&quot;:0},&quot;imgPadding&quot;:{&quot;desktop&quot;:1,&quot;tablet&quot;:0,&quot;phone&quot;:1},&quot;textSize&quot;:{&quot;desktop&quot;:15,&quot;tablet&quot;:0,&quot;phone&quot;:0},&quot;bgColor&quot;:{&quot;r&quot;:255,&quot;g&quot;:255,&quot;b&quot;:255,&quot;a&quot;:1},&quot;hoverInfo&quot;:[&quot;likes_comments&quot;,&quot;date&quot;,&quot;insta_link&quot;],&quot;textColorHover&quot;:{&quot;r&quot;:255,&quot;g&quot;:255,&quot;b&quot;:255,&quot;a&quot;:1},&quot;bgColorHover&quot;:{&quot;r&quot;:0,&quot;g&quot;:0,&quot;b&quot;:0,&quot;a&quot;:0.5},&quot;showHeader&quot;:{&quot;desktop&quot;:false,&quot;phone&quot;:true},&quot;headerInfo&quot;:{&quot;desktop&quot;:[&quot;profile_pic&quot;,&quot;bio&quot;]},&quot;headerAccount&quot;:null,&quot;headerStyle&quot;:{&quot;desktop&quot;:&quot;normal&quot;,&quot;phone&quot;:&quot;centered&quot;},&quot;headerTextSize&quot;:{&quot;desktop&quot;:0},&quot;headerPhotoSize&quot;:{&quot;desktop&quot;:50},&quot;headerTextColor&quot;:{&quot;r&quot;:10,&quot;g&quot;:21,&quot;b&quot;:46,&quot;a&quot;:1},&quot;headerBgColor&quot;:{&quot;r&quot;:255,&quot;g&quot;:255,&quot;b&quot;:255,&quot;a&quot;:1},&quot;headerPadding&quot;:{&quot;desktop&quot;:25,&quot;phone&quot;:19},&quot;customProfilePic&quot;:&quot;https:\\\/\\\/www.irinacoyssi.com\\\/wp-content\\\/uploads\\\/2022\\\/11\\\/50EBEDF3-39B0-40E3-9545-D3BACB0941B6-scaled.jpg&quot;,&quot;customBioText&quot;:&quot;&quot;,&quot;includeStories&quot;:false,&quot;storiesInterval&quot;:5,&quot;showCaptions&quot;:{&quot;desktop&quot;:false,&quot;tablet&quot;:false},&quot;captionMaxLength&quot;:{&quot;desktop&quot;:0},&quot;captionRemoveDots&quot;:false,&quot;captionSize&quot;:{&quot;desktop&quot;:0},&quot;captionColor&quot;:{&quot;r&quot;:0,&quot;g&quot;:0,&quot;b&quot;:0,&quot;a&quot;:1},&quot;showLikes&quot;:{&quot;desktop&quot;:false,&quot;tablet&quot;:false},&quot;showComments&quot;:{&quot;desktop&quot;:false,&quot;tablet&quot;:false},&quot;lcIconSize&quot;:{&quot;desktop&quot;:14},&quot;likesIconColor&quot;:{&quot;r&quot;:0,&quot;g&quot;:0,&quot;b&quot;:0,&quot;a&quot;:1},&quot;commentsIconColor&quot;:{&quot;r&quot;:0,&quot;g&quot;:0,&quot;b&quot;:0,&quot;a&quot;:1},&quot;lightboxShowSidebar&quot;:false,&quot;lightboxCtaStyle&quot;:&quot;link&quot;,&quot;lightboxCtaDesign&quot;:{&quot;text&quot;:{&quot;color&quot;:{&quot;r&quot;:0,&quot;g&quot;:0,&quot;b&quot;:0,&quot;a&quot;:1},&quot;align&quot;:&quot;center&quot;},&quot;bgColor&quot;:{&quot;r&quot;:230,&quot;g&quot;:230,&quot;b&quot;:230,&quot;a&quot;:1},&quot;border&quot;:{&quot;radius&quot;:3}},&quot;numLightboxComments&quot;:50,&quot;showLoadMoreBtn&quot;:{&quot;desktop&quot;:false,&quot;phone&quot;:false},&quot;loadMoreBtnDesign&quot;:{&quot;text&quot;:{&quot;color&quot;:{&quot;r&quot;:255,&quot;g&quot;:255,&quot;b&quot;:255,&quot;a&quot;:1},&quot;align&quot;:&quot;center&quot;},&quot;border&quot;:{&quot;radius&quot;:5},&quot;bgColor&quot;:{&quot;r&quot;:211,&quot;g&quot;:168,&quot;b&quot;:99,&quot;a&quot;:1},&quot;margin&quot;:{&quot;top&quot;:0,&quot;bottom&quot;:0,&quot;left&quot;:0,&quot;right&quot;:0}},&quot;loadMoreBtnText&quot;:&quot;Voir plus&quot;,&quot;loadMoreBtnScroll&quot;:true,&quot;autoload&quot;:false,&quot;showFollowBtn&quot;:{&quot;desktop&quot;:true,&quot;phone&quot;:false},&quot;followBtnText&quot;:&quot;Visiter le profil&quot;,&quot;followBtnDesign&quot;:{&quot;text&quot;:{&quot;color&quot;:{&quot;r&quot;:255,&quot;g&quot;:255,&quot;b&quot;:255,&quot;a&quot;:1},&quot;align&quot;:&quot;center&quot;},&quot;border&quot;:{&quot;radius&quot;:5},&quot;bgColor&quot;:{&quot;r&quot;:211,&quot;g&quot;:168,&quot;b&quot;:99,&quot;a&quot;:1},&quot;margin&quot;:{&quot;top&quot;:0,&quot;bottom&quot;:0,&quot;left&quot;:0,&quot;right&quot;:0}},&quot;followBtnLocation&quot;:{&quot;desktop&quot;:&quot;header&quot;,&quot;phone&quot;:&quot;bottom&quot;},&quot;alignFooterButtons&quot;:{&quot;desktop&quot;:false},&quot;customCss&quot;:&quot;\\\/* Enter your custom CSS below *\\\/\\n\\n&quot;,&quot;accounts&quot;:[2559],&quot;tagged&quot;:[],&quot;hashtags&quot;:[],&quot;mediaType&quot;:&quot;all&quot;,&quot;hashtagWhitelist&quot;:[],&quot;hashtagBlacklist&quot;:[],&quot;captionWhitelist&quot;:[],&quot;captionBlacklist&quot;:[],&quot;hashtagWhitelistSettings&quot;:true,&quot;hashtagBlacklistSettings&quot;:true,&quot;captionWhitelistSettings&quot;:true,&quot;captionBlacklistSettings&quot;:true,&quot;moderation&quot;:[],&quot;moderationMode&quot;:&quot;blacklist&quot;,&quot;promosVersion&quot;:2,&quot;promosEnabled&quot;:true,&quot;globalPromosEnabled&quot;:true,&quot;autoPromosEnabled&quot;:true,&quot;promoOverrides&quot;:[],&quot;feedPromo&quot;:{&quot;linkSource&quot;:{&quot;type&quot;:null},&quot;linkBehavior&quot;:{&quot;openNewTab&quot;:false,&quot;showPopupBox&quot;:false},&quot;linkText&quot;:&quot;&quot;},&quot;gaCampaignSource&quot;:&quot;&quot;,&quot;gaCampaignMedium&quot;:&quot;&quot;,&quot;gaCampaignName&quot;:&quot;&quot;}' \/>\n        <input type=\"hidden\" id=\"sli__a__5a3dcb0b\" data-json='[{&quot;id&quot;:2559,&quot;type&quot;:&quot;PERSONAL&quot;,&quot;userId&quot;:&quot;6058514700934106&quot;,&quot;username&quot;:&quot;holistic_irina&quot;,&quot;bio&quot;:&quot;&quot;,&quot;customBio&quot;:&quot;&quot;,&quot;profilePicUrl&quot;:&quot;&quot;,&quot;customProfilePicUrl&quot;:&quot;&quot;,&quot;mediaCount&quot;:&quot;118&quot;,&quot;followersCount&quot;:&quot;0&quot;,&quot;usages&quot;:[],&quot;creationDate&quot;:&quot;2023-04-10 17:31:32&quot;}]' \/>\n        <input type=\"hidden\" id=\"sli__m__5a3dcb0b\" data-json='[]' \/>\n        [\/et_pb_fullwidth_code][\/et_pb_section]<\/p>\n","protected":false},"excerpt":{"rendered":"<p>Qui suis-je ?Je suis Irina Coyssi, accompagnante holistique et formatrice en Reiki Usui &amp; Arc-en-ciel\u00ae.Fille du Soleil, au service du vivant et des \u00eatres qui m\u2019entourent.Intuitive, sensible et empathique, je capte depuis l\u2019enfance des informations qui \u00e9chappent \u00e0 la plupart. Ces pr\u00e9dispositions sont devenues ma force.T\u00e9m\u00e9raire et r\u00e9siliente, j\u2019aime faire face aux multiples d\u00e9fis de la vie. Je tire mes plus beaux enseignements des exp\u00e9riences les plus difficiles.De physicienne \u00e0 \u00e9nerg\u00e9ticienne&#8230;De formation scientifique (Master en Physique), c\u2019est apr\u00e8s un parcours de maladie chronique (endom\u00e9triose) que je me tourne vers les m\u00e9decines compl\u00e9mentaires et holistiques. J\u2019explore nombre de pratiques pour trouver mon propre chemin de gu\u00e9rison. C\u2019est une r\u00e9v\u00e9lation, je r\u00e9ponds \u00e0 l\u2019appel de devenir accompagnante. D\u2019abord form\u00e9e \u00e0 l\u2019EFT, mes cheminements m\u2019am\u00e8nent au Reiki (Usui et Rainbow) que j\u2019\u00e9tudie en continu depuis plus de 5 ans et \u00e0 une exploration accrue des pratiques chamaniques. En qu\u00eate constante d\u2019approfondissement, j\u2019ai \u00e0 c\u0153ur de me former en continu.Background multiculturelN\u00e9e d\u2019une m\u00e8re slave et d\u2019un p\u00e8re africain, j\u2019ai v\u00e9cu dans 3 pays diff\u00e9rents (France, Angleterre, Allemagne) et parle couramment fran\u00e7ais et anglais. Je comprends l\u2019espagnol et un peu d\u2019allemand. Mon h\u00e9ritage et mon v\u00e9cu ont contribu\u00e9 \u00e0 enrichir ma compr\u00e9hension globale et les [&hellip;]<\/p>\n","protected":false},"author":2,"featured_media":0,"parent":0,"menu_order":0,"comment_status":"closed","ping_status":"closed","template":"","meta":{"_et_pb_use_builder":"on","_et_pb_old_content":"","_et_gb_content_width":"","footnotes":""},"class_list":["post-451","page","type-page","status-publish","hentry"],"yoast_head":"<!-- This site is optimized with the Yoast SEO plugin v27.1.1 - https:\/\/yoast.com\/product\/yoast-seo-wordpress\/ -->\n<title>Qui suis-je ? - Irina Coyssi<\/title>\n<meta name=\"robots\" content=\"index, follow, max-snippet:-1, max-image-preview:large, max-video-preview:-1\" \/>\n<link rel=\"canonical\" href=\"https:\/\/www.irinacoyssi.com\/en\/qui-suis-je\/\" \/>\n<meta property=\"og:locale\" content=\"en_GB\" \/>\n<meta property=\"og:type\" content=\"article\" \/>\n<meta property=\"og:title\" content=\"Qui suis-je ? - Irina Coyssi\" \/>\n<meta property=\"og:description\" content=\"Qui suis-je ?Je suis Irina Coyssi, accompagnante holistique et formatrice en Reiki Usui &amp; Arc-en-ciel\u00ae.Fille du Soleil, au service du vivant et des \u00eatres qui m\u2019entourent.Intuitive, sensible et empathique, je capte depuis l\u2019enfance des informations qui \u00e9chappent \u00e0 la plupart. Ces pr\u00e9dispositions sont devenues ma force.T\u00e9m\u00e9raire et r\u00e9siliente, j\u2019aime faire face aux multiples d\u00e9fis de la vie. Je tire mes plus beaux enseignements des exp\u00e9riences les plus difficiles.De physicienne \u00e0 \u00e9nerg\u00e9ticienne...De formation scientifique (Master en Physique), c\u2019est apr\u00e8s un parcours de maladie chronique (endom\u00e9triose) que je me tourne vers les m\u00e9decines compl\u00e9mentaires et holistiques. J\u2019explore nombre de pratiques pour trouver mon propre chemin de gu\u00e9rison. C\u2019est une r\u00e9v\u00e9lation, je r\u00e9ponds \u00e0 l\u2019appel de devenir accompagnante. D\u2019abord form\u00e9e \u00e0 l\u2019EFT, mes cheminements m\u2019am\u00e8nent au Reiki (Usui et Rainbow) que j\u2019\u00e9tudie en continu depuis plus de 5 ans et \u00e0 une exploration accrue des pratiques chamaniques. En qu\u00eate constante d\u2019approfondissement, j\u2019ai \u00e0 c\u0153ur de me former en continu.Background multiculturelN\u00e9e d\u2019une m\u00e8re slave et d\u2019un p\u00e8re africain, j\u2019ai v\u00e9cu dans 3 pays diff\u00e9rents (France, Angleterre, Allemagne) et parle couramment fran\u00e7ais et anglais. Je comprends l\u2019espagnol et un peu d\u2019allemand. Mon h\u00e9ritage et mon v\u00e9cu ont contribu\u00e9 \u00e0 enrichir ma compr\u00e9hension globale et les [&hellip;]\" \/>\n<meta property=\"og:url\" content=\"https:\/\/www.irinacoyssi.com\/en\/qui-suis-je\/\" \/>\n<meta property=\"og:site_name\" content=\"Irina Coyssi\" \/>\n<meta property=\"article:modified_time\" content=\"2025-10-15T18:36:37+00:00\" \/>\n<meta name=\"twitter:card\" content=\"summary_large_image\" \/>\n<meta name=\"twitter:label1\" content=\"Estimated reading time\" \/>\n\t<meta name=\"twitter:data1\" content=\"40 minutes\" \/>\n<script type=\"application\/ld+json\" class=\"yoast-schema-graph\">{\"@context\":\"https:\/\/schema.org\",\"@graph\":[{\"@type\":\"WebPage\",\"@id\":\"https:\/\/www.irinacoyssi.com\/qui-suis-je\/\",\"url\":\"https:\/\/www.irinacoyssi.com\/qui-suis-je\/\",\"name\":\"Qui suis-je ? - Irina Coyssi\",\"isPartOf\":{\"@id\":\"https:\/\/www.irinacoyssi.com\/#website\"},\"datePublished\":\"2023-02-08T10:24:37+00:00\",\"dateModified\":\"2025-10-15T18:36:37+00:00\",\"breadcrumb\":{\"@id\":\"https:\/\/www.irinacoyssi.com\/qui-suis-je\/#breadcrumb\"},\"inLanguage\":\"en-GB\",\"potentialAction\":[{\"@type\":\"ReadAction\",\"target\":[\"https:\/\/www.irinacoyssi.com\/qui-suis-je\/\"]}]},{\"@type\":\"BreadcrumbList\",\"@id\":\"https:\/\/www.irinacoyssi.com\/qui-suis-je\/#breadcrumb\",\"itemListElement\":[{\"@type\":\"ListItem\",\"position\":1,\"name\":\"Accueil\",\"item\":\"https:\/\/www.irinacoyssi.com\/\"},{\"@type\":\"ListItem\",\"position\":2,\"name\":\"Qui suis-je ?\"}]},{\"@type\":\"WebSite\",\"@id\":\"https:\/\/www.irinacoyssi.com\/#website\",\"url\":\"https:\/\/www.irinacoyssi.com\/\",\"name\":\"Irina Coyssi\",\"description\":\"Th\u00e9rapie holistique et soins \u00e9nerg\u00e9tiques\",\"potentialAction\":[{\"@type\":\"SearchAction\",\"target\":{\"@type\":\"EntryPoint\",\"urlTemplate\":\"https:\/\/www.irinacoyssi.com\/?s={search_term_string}\"},\"query-input\":{\"@type\":\"PropertyValueSpecification\",\"valueRequired\":true,\"valueName\":\"search_term_string\"}}],\"inLanguage\":\"en-GB\"}]}<\/script>\n<!-- \/ Yoast SEO plugin. -->","yoast_head_json":{"title":"Qui suis-je ? - Irina Coyssi","robots":{"index":"index","follow":"follow","max-snippet":"max-snippet:-1","max-image-preview":"max-image-preview:large","max-video-preview":"max-video-preview:-1"},"canonical":"https:\/\/www.irinacoyssi.com\/en\/qui-suis-je\/","og_locale":"en_GB","og_type":"article","og_title":"Qui suis-je ? - Irina Coyssi","og_description":"Qui suis-je ?Je suis Irina Coyssi, accompagnante holistique et formatrice en Reiki Usui &amp; Arc-en-ciel\u00ae.Fille du Soleil, au service du vivant et des \u00eatres qui m\u2019entourent.Intuitive, sensible et empathique, je capte depuis l\u2019enfance des informations qui \u00e9chappent \u00e0 la plupart. Ces pr\u00e9dispositions sont devenues ma force.T\u00e9m\u00e9raire et r\u00e9siliente, j\u2019aime faire face aux multiples d\u00e9fis de la vie. Je tire mes plus beaux enseignements des exp\u00e9riences les plus difficiles.De physicienne \u00e0 \u00e9nerg\u00e9ticienne...De formation scientifique (Master en Physique), c\u2019est apr\u00e8s un parcours de maladie chronique (endom\u00e9triose) que je me tourne vers les m\u00e9decines compl\u00e9mentaires et holistiques. J\u2019explore nombre de pratiques pour trouver mon propre chemin de gu\u00e9rison. C\u2019est une r\u00e9v\u00e9lation, je r\u00e9ponds \u00e0 l\u2019appel de devenir accompagnante. D\u2019abord form\u00e9e \u00e0 l\u2019EFT, mes cheminements m\u2019am\u00e8nent au Reiki (Usui et Rainbow) que j\u2019\u00e9tudie en continu depuis plus de 5 ans et \u00e0 une exploration accrue des pratiques chamaniques. En qu\u00eate constante d\u2019approfondissement, j\u2019ai \u00e0 c\u0153ur de me former en continu.Background multiculturelN\u00e9e d\u2019une m\u00e8re slave et d\u2019un p\u00e8re africain, j\u2019ai v\u00e9cu dans 3 pays diff\u00e9rents (France, Angleterre, Allemagne) et parle couramment fran\u00e7ais et anglais. Je comprends l\u2019espagnol et un peu d\u2019allemand. Mon h\u00e9ritage et mon v\u00e9cu ont contribu\u00e9 \u00e0 enrichir ma compr\u00e9hension globale et les [&hellip;]","og_url":"https:\/\/www.irinacoyssi.com\/en\/qui-suis-je\/","og_site_name":"Irina Coyssi","article_modified_time":"2025-10-15T18:36:37+00:00","twitter_card":"summary_large_image","twitter_misc":{"Estimated reading time":"40 minutes"},"schema":{"@context":"https:\/\/schema.org","@graph":[{"@type":"WebPage","@id":"https:\/\/www.irinacoyssi.com\/qui-suis-je\/","url":"https:\/\/www.irinacoyssi.com\/qui-suis-je\/","name":"Qui suis-je ? - Irina Coyssi","isPartOf":{"@id":"https:\/\/www.irinacoyssi.com\/#website"},"datePublished":"2023-02-08T10:24:37+00:00","dateModified":"2025-10-15T18:36:37+00:00","breadcrumb":{"@id":"https:\/\/www.irinacoyssi.com\/qui-suis-je\/#breadcrumb"},"inLanguage":"en-GB","potentialAction":[{"@type":"ReadAction","target":["https:\/\/www.irinacoyssi.com\/qui-suis-je\/"]}]},{"@type":"BreadcrumbList","@id":"https:\/\/www.irinacoyssi.com\/qui-suis-je\/#breadcrumb","itemListElement":[{"@type":"ListItem","position":1,"name":"Accueil","item":"https:\/\/www.irinacoyssi.com\/"},{"@type":"ListItem","position":2,"name":"Qui suis-je ?"}]},{"@type":"WebSite","@id":"https:\/\/www.irinacoyssi.com\/#website","url":"https:\/\/www.irinacoyssi.com\/","name":"Irina Coyssi","description":"Th\u00e9rapie holistique et soins \u00e9nerg\u00e9tiques","potentialAction":[{"@type":"SearchAction","target":{"@type":"EntryPoint","urlTemplate":"https:\/\/www.irinacoyssi.com\/?s={search_term_string}"},"query-input":{"@type":"PropertyValueSpecification","valueRequired":true,"valueName":"search_term_string"}}],"inLanguage":"en-GB"}]}},"_links":{"self":[{"href":"https:\/\/www.irinacoyssi.com\/en\/wp-json\/wp\/v2\/pages\/451","targetHints":{"allow":["GET"]}}],"collection":[{"href":"https:\/\/www.irinacoyssi.com\/en\/wp-json\/wp\/v2\/pages"}],"about":[{"href":"https:\/\/www.irinacoyssi.com\/en\/wp-json\/wp\/v2\/types\/page"}],"author":[{"embeddable":true,"href":"https:\/\/www.irinacoyssi.com\/en\/wp-json\/wp\/v2\/users\/2"}],"replies":[{"embeddable":true,"href":"https:\/\/www.irinacoyssi.com\/en\/wp-json\/wp\/v2\/comments?post=451"}],"version-history":[{"count":155,"href":"https:\/\/www.irinacoyssi.com\/en\/wp-json\/wp\/v2\/pages\/451\/revisions"}],"predecessor-version":[{"id":8007,"href":"https:\/\/www.irinacoyssi.com\/en\/wp-json\/wp\/v2\/pages\/451\/revisions\/8007"}],"wp:attachment":[{"href":"https:\/\/www.irinacoyssi.com\/en\/wp-json\/wp\/v2\/media?parent=451"}],"curies":[{"name":"wp","href":"https:\/\/api.w.org\/{rel}","templated":true}]}}